{"id":125921,"date":"2025-05-12T22:19:32","date_gmt":"2025-05-12T21:19:32","guid":{"rendered":"https:\/\/ferrerarquitectos.com\/project-new\/project-and-construction-management-of-84-homes-in-mojacar-almeria-2017\/"},"modified":"2025-08-07T22:30:11","modified_gmt":"2025-08-07T21:30:11","slug":"project-and-construction-management-of-84-homes-in-mojacar-almeria-2017","status":"publish","type":"project-new","link":"https:\/\/ferrerarquitectos.com\/en\/project-en\/project-and-construction-management-of-84-homes-in-mojacar-almeria-2017\/","title":{"rendered":"Project and Construction Management of 84 homes in Moj\u00e1car (Almer\u00eda) 2017"},"content":{"rendered":"<p>A project perfectly adapted and integrated into the terrain&#8217;s topography with a very steep slope is planned. All the homes have terraces with sea views.<\/p>\n<p>TECHNICAL DATA<\/p>\n<p>Project: Basic Project of 80 homes<\/p>\n<p>Architect: Jos\u00e9 \u00c1ngel Ferrer<\/p>\n<p>Developer: Neinor Homes<\/p>\n<p>Location: Moj\u00e1car (Almer\u00eda)<\/p>\n<p>Constructed area: 11,764.37 m\u00b2<\/p>\n","protected":false},"featured_media":127005,"template":"","meta":{"_acf_changed":false,"_et_pb_use_builder":"","_et_pb_old_content":"","_et_gb_content_width":""},"categoria_proyecto":[89],"class_list":["post-125921","project-new","type-project-new","status-publish","has-post-thumbnail","hentry","categoria_proyecto-multifamily-housing"],"acf":[],"yoast_head":"<!-- This site is optimized with the Yoast SEO plugin v27.5 - https:\/\/yoast.com\/product\/yoast-seo-wordpress\/ -->\n<title>Project and Construction Management of 84 homes in Moj\u00e1car (Almer\u00eda) 2017 - Ferrer Arquitectos<\/title>\n<meta name=\"robots\" content=\"index, follow, max-snippet:-1, max-image-preview:large, max-video-preview:-1\" \/>\n<link rel=\"canonical\" href=\"https:\/\/ferrerarquitectos.com\/en\/project-en\/proyecto-y-direccion-de-obra-de-84-viviendas-en-mojacar-almeria-2017\/\" \/>\n<meta property=\"og:locale\" content=\"en_US\" \/>\n<meta property=\"og:type\" content=\"article\" \/>\n<meta property=\"og:title\" content=\"Project and Construction Management of 84 homes in Moj\u00e1car (Almer\u00eda) 2017 - Ferrer Arquitectos\" \/>\n<meta property=\"og:description\" content=\"A project perfectly adapted and integrated into the terrain&#8217;s topography with a very steep slope is planned. All the homes have terraces with sea views. TECHNICAL DATA Project: Basic Project of 80 homes Architect: Jos\u00e9 \u00c1ngel Ferrer Developer: Neinor Homes Location: Moj\u00e1car (Almer\u00eda) Constructed area: 11,764.37 m\u00b2\" \/>\n<meta property=\"og:url\" content=\"https:\/\/ferrerarquitectos.com\/en\/project-en\/proyecto-y-direccion-de-obra-de-84-viviendas-en-mojacar-almeria-2017\/\" \/>\n<meta property=\"og:site_name\" content=\"Ferrer Arquitectos\" \/>\n<meta property=\"article:modified_time\" content=\"2025-08-07T21:30:11+00:00\" \/>\n<meta property=\"og:image\" content=\"https:\/\/ferrerarquitectos.com\/wp-content\/uploads\/render-exterior-1.jpg\" \/>\n\t<meta property=\"og:image:width\" content=\"2000\" \/>\n\t<meta property=\"og:image:height\" content=\"1200\" \/>\n\t<meta property=\"og:image:type\" content=\"image\/jpeg\" \/>\n<meta name=\"twitter:card\" content=\"summary_large_image\" \/>\n<script type=\"application\/ld+json\" class=\"yoast-schema-graph\">{\"@context\":\"https:\\\/\\\/schema.org\",\"@graph\":[{\"@type\":\"WebPage\",\"@id\":\"https:\\\/\\\/ferrerarquitectos.com\\\/en\\\/project-en\\\/proyecto-y-direccion-de-obra-de-84-viviendas-en-mojacar-almeria-2017\\\/\",\"url\":\"https:\\\/\\\/ferrerarquitectos.com\\\/en\\\/project-en\\\/proyecto-y-direccion-de-obra-de-84-viviendas-en-mojacar-almeria-2017\\\/\",\"name\":\"Project and Construction Management of 84 homes in Moj\u00e1car (Almer\u00eda) 2017 - Ferrer Arquitectos\",\"isPartOf\":{\"@id\":\"https:\\\/\\\/ferrerarquitectos.com\\\/#website\"},\"primaryImageOfPage\":{\"@id\":\"https:\\\/\\\/ferrerarquitectos.com\\\/en\\\/project-en\\\/proyecto-y-direccion-de-obra-de-84-viviendas-en-mojacar-almeria-2017\\\/#primaryimage\"},\"image\":{\"@id\":\"https:\\\/\\\/ferrerarquitectos.com\\\/en\\\/project-en\\\/proyecto-y-direccion-de-obra-de-84-viviendas-en-mojacar-almeria-2017\\\/#primaryimage\"},\"thumbnailUrl\":\"https:\\\/\\\/ferrerarquitectos.com\\\/wp-content\\\/uploads\\\/0.-PORTADA.jpg\",\"datePublished\":\"2025-05-12T21:19:32+00:00\",\"dateModified\":\"2025-08-07T21:30:11+00:00\",\"breadcrumb\":{\"@id\":\"https:\\\/\\\/ferrerarquitectos.com\\\/en\\\/project-en\\\/proyecto-y-direccion-de-obra-de-84-viviendas-en-mojacar-almeria-2017\\\/#breadcrumb\"},\"inLanguage\":\"en-US\",\"potentialAction\":[{\"@type\":\"ReadAction\",\"target\":[\"https:\\\/\\\/ferrerarquitectos.com\\\/en\\\/project-en\\\/proyecto-y-direccion-de-obra-de-84-viviendas-en-mojacar-almeria-2017\\\/\"]}]},{\"@type\":\"ImageObject\",\"inLanguage\":\"en-US\",\"@id\":\"https:\\\/\\\/ferrerarquitectos.com\\\/en\\\/project-en\\\/proyecto-y-direccion-de-obra-de-84-viviendas-en-mojacar-almeria-2017\\\/#primaryimage\",\"url\":\"https:\\\/\\\/ferrerarquitectos.com\\\/wp-content\\\/uploads\\\/0.-PORTADA.jpg\",\"contentUrl\":\"https:\\\/\\\/ferrerarquitectos.com\\\/wp-content\\\/uploads\\\/0.-PORTADA.jpg\",\"width\":1291,\"height\":1291},{\"@type\":\"BreadcrumbList\",\"@id\":\"https:\\\/\\\/ferrerarquitectos.com\\\/en\\\/project-en\\\/proyecto-y-direccion-de-obra-de-84-viviendas-en-mojacar-almeria-2017\\\/#breadcrumb\",\"itemListElement\":[{\"@type\":\"ListItem\",\"position\":1,\"name\":\"Portada\",\"item\":\"https:\\\/\\\/ferrerarquitectos.com\\\/\"},{\"@type\":\"ListItem\",\"position\":2,\"name\":\"Proyecto y Direcci\u00f3n de obra de 84 viviendas en Moj\u00e1car (Almer\u00eda) 2017\"}]},{\"@type\":\"WebSite\",\"@id\":\"https:\\\/\\\/ferrerarquitectos.com\\\/#website\",\"url\":\"https:\\\/\\\/ferrerarquitectos.com\\\/\",\"name\":\"Ferrer Arquitectos\",\"description\":\"Bienvenidos a la p\u00e1gina web de Ferrer Arquitectos. M\u00e1s de 25 a\u00f1os haciendo arquitectura. Dise\u00f1o arquitect\u00f3nico basado en la luz y la sostenibilidad: Viviendas, Oficinas, Museos, Edificios singulares y m\u00e1s.\",\"publisher\":{\"@id\":\"https:\\\/\\\/ferrerarquitectos.com\\\/#organization\"},\"potentialAction\":[{\"@type\":\"SearchAction\",\"target\":{\"@type\":\"EntryPoint\",\"urlTemplate\":\"https:\\\/\\\/ferrerarquitectos.com\\\/?s={search_term_string}\"},\"query-input\":{\"@type\":\"PropertyValueSpecification\",\"valueRequired\":true,\"valueName\":\"search_term_string\"}}],\"inLanguage\":\"en-US\"},{\"@type\":\"Organization\",\"@id\":\"https:\\\/\\\/ferrerarquitectos.com\\\/#organization\",\"name\":\"Ferrer Arquitectos\",\"url\":\"https:\\\/\\\/ferrerarquitectos.com\\\/\",\"logo\":{\"@type\":\"ImageObject\",\"inLanguage\":\"en-US\",\"@id\":\"https:\\\/\\\/ferrerarquitectos.com\\\/#\\\/schema\\\/logo\\\/image\\\/\",\"url\":\"https:\\\/\\\/ferrerarquitectos.com\\\/wp-content\\\/uploads\\\/2015\\\/12\\\/favicon.png\",\"contentUrl\":\"https:\\\/\\\/ferrerarquitectos.com\\\/wp-content\\\/uploads\\\/2015\\\/12\\\/favicon.png\",\"width\":32,\"height\":32,\"caption\":\"Ferrer Arquitectos\"},\"image\":{\"@id\":\"https:\\\/\\\/ferrerarquitectos.com\\\/#\\\/schema\\\/logo\\\/image\\\/\"}}]}<\/script>\n<!-- \/ Yoast SEO plugin. -->","yoast_head_json":{"title":"Project and Construction Management of 84 homes in Moj\u00e1car (Almer\u00eda) 2017 - Ferrer Arquitectos","robots":{"index":"index","follow":"follow","max-snippet":"max-snippet:-1","max-image-preview":"max-image-preview:large","max-video-preview":"max-video-preview:-1"},"canonical":"https:\/\/ferrerarquitectos.com\/en\/project-en\/proyecto-y-direccion-de-obra-de-84-viviendas-en-mojacar-almeria-2017\/","og_locale":"en_US","og_type":"article","og_title":"Project and Construction Management of 84 homes in Moj\u00e1car (Almer\u00eda) 2017 - Ferrer Arquitectos","og_description":"A project perfectly adapted and integrated into the terrain&#8217;s topography with a very steep slope is planned. All the homes have terraces with sea views. TECHNICAL DATA Project: Basic Project of 80 homes Architect: Jos\u00e9 \u00c1ngel Ferrer Developer: Neinor Homes Location: Moj\u00e1car (Almer\u00eda) Constructed area: 11,764.37 m\u00b2","og_url":"https:\/\/ferrerarquitectos.com\/en\/project-en\/proyecto-y-direccion-de-obra-de-84-viviendas-en-mojacar-almeria-2017\/","og_site_name":"Ferrer Arquitectos","article_modified_time":"2025-08-07T21:30:11+00:00","og_image":[{"width":2000,"height":1200,"url":"https:\/\/ferrerarquitectos.com\/wp-content\/uploads\/render-exterior-1.jpg","type":"image\/jpeg"}],"twitter_card":"summary_large_image","schema":{"@context":"https:\/\/schema.org","@graph":[{"@type":"WebPage","@id":"https:\/\/ferrerarquitectos.com\/en\/project-en\/proyecto-y-direccion-de-obra-de-84-viviendas-en-mojacar-almeria-2017\/","url":"https:\/\/ferrerarquitectos.com\/en\/project-en\/proyecto-y-direccion-de-obra-de-84-viviendas-en-mojacar-almeria-2017\/","name":"Project and Construction Management of 84 homes in Moj\u00e1car (Almer\u00eda) 2017 - Ferrer Arquitectos","isPartOf":{"@id":"https:\/\/ferrerarquitectos.com\/#website"},"primaryImageOfPage":{"@id":"https:\/\/ferrerarquitectos.com\/en\/project-en\/proyecto-y-direccion-de-obra-de-84-viviendas-en-mojacar-almeria-2017\/#primaryimage"},"image":{"@id":"https:\/\/ferrerarquitectos.com\/en\/project-en\/proyecto-y-direccion-de-obra-de-84-viviendas-en-mojacar-almeria-2017\/#primaryimage"},"thumbnailUrl":"https:\/\/ferrerarquitectos.com\/wp-content\/uploads\/0.-PORTADA.jpg","datePublished":"2025-05-12T21:19:32+00:00","dateModified":"2025-08-07T21:30:11+00:00","breadcrumb":{"@id":"https:\/\/ferrerarquitectos.com\/en\/project-en\/proyecto-y-direccion-de-obra-de-84-viviendas-en-mojacar-almeria-2017\/#breadcrumb"},"inLanguage":"en-US","potentialAction":[{"@type":"ReadAction","target":["https:\/\/ferrerarquitectos.com\/en\/project-en\/proyecto-y-direccion-de-obra-de-84-viviendas-en-mojacar-almeria-2017\/"]}]},{"@type":"ImageObject","inLanguage":"en-US","@id":"https:\/\/ferrerarquitectos.com\/en\/project-en\/proyecto-y-direccion-de-obra-de-84-viviendas-en-mojacar-almeria-2017\/#primaryimage","url":"https:\/\/ferrerarquitectos.com\/wp-content\/uploads\/0.-PORTADA.jpg","contentUrl":"https:\/\/ferrerarquitectos.com\/wp-content\/uploads\/0.-PORTADA.jpg","width":1291,"height":1291},{"@type":"BreadcrumbList","@id":"https:\/\/ferrerarquitectos.com\/en\/project-en\/proyecto-y-direccion-de-obra-de-84-viviendas-en-mojacar-almeria-2017\/#breadcrumb","itemListElement":[{"@type":"ListItem","position":1,"name":"Portada","item":"https:\/\/ferrerarquitectos.com\/"},{"@type":"ListItem","position":2,"name":"Proyecto y Direcci\u00f3n de obra de 84 viviendas en Moj\u00e1car (Almer\u00eda) 2017"}]},{"@type":"WebSite","@id":"https:\/\/ferrerarquitectos.com\/#website","url":"https:\/\/ferrerarquitectos.com\/","name":"Ferrer Arquitectos","description":"Bienvenidos a la p\u00e1gina web de Ferrer Arquitectos. M\u00e1s de 25 a\u00f1os haciendo arquitectura. Dise\u00f1o arquitect\u00f3nico basado en la luz y la sostenibilidad: Viviendas, Oficinas, Museos, Edificios singulares y m\u00e1s.","publisher":{"@id":"https:\/\/ferrerarquitectos.com\/#organization"},"potentialAction":[{"@type":"SearchAction","target":{"@type":"EntryPoint","urlTemplate":"https:\/\/ferrerarquitectos.com\/?s={search_term_string}"},"query-input":{"@type":"PropertyValueSpecification","valueRequired":true,"valueName":"search_term_string"}}],"inLanguage":"en-US"},{"@type":"Organization","@id":"https:\/\/ferrerarquitectos.com\/#organization","name":"Ferrer Arquitectos","url":"https:\/\/ferrerarquitectos.com\/","logo":{"@type":"ImageObject","inLanguage":"en-US","@id":"https:\/\/ferrerarquitectos.com\/#\/schema\/logo\/image\/","url":"https:\/\/ferrerarquitectos.com\/wp-content\/uploads\/2015\/12\/favicon.png","contentUrl":"https:\/\/ferrerarquitectos.com\/wp-content\/uploads\/2015\/12\/favicon.png","width":32,"height":32,"caption":"Ferrer Arquitectos"},"image":{"@id":"https:\/\/ferrerarquitectos.com\/#\/schema\/logo\/image\/"}}]}},"meta_box":{"imagenes":[{"width":150,"height":150,"file":"render-exterior.jpg","sizes":{"thumbnail":{"file":"render-exterior-150x150.jpg","width":150,"height":150,"mime-type":"image\/jpeg","url":"https:\/\/ferrerarquitectos.com\/wp-content\/uploads\/render-exterior-150x150.jpg"},"medium":{"file":"render-exterior-300x180.jpg","width":300,"height":180,"mime-type":"image\/jpeg","url":"https:\/\/ferrerarquitectos.com\/wp-content\/uploads\/render-exterior-300x180.jpg"},"medium_large":{"file":"render-exterior-768x461.jpg","width":768,"height":461,"mime-type":"image\/jpeg","url":"https:\/\/ferrerarquitectos.com\/wp-content\/uploads\/render-exterior-768x461.jpg"},"large":{"file":"render-exterior-1024x614.jpg","width":1024,"height":614,"mime-type":"image\/jpeg","url":"https:\/\/ferrerarquitectos.com\/wp-content\/uploads\/render-exterior-1024x614.jpg"},"et-pb-post-main-image":{"file":"render-exterior-400x250.jpg","width":400,"height":250,"mime-type":"image\/jpeg","url":"https:\/\/ferrerarquitectos.com\/wp-content\/uploads\/render-exterior-400x250.jpg"},"et-pb-post-main-image-fullwidth":{"file":"render-exterior-1080x675.jpg","width":1080,"height":675,"mime-type":"image\/jpeg","url":"https:\/\/ferrerarquitectos.com\/wp-content\/uploads\/render-exterior-1080x675.jpg"},"et-pb-portfolio-image":{"file":"render-exterior-400x284.jpg","width":400,"height":284,"mime-type":"image\/jpeg","url":"https:\/\/ferrerarquitectos.com\/wp-content\/uploads\/render-exterior-400x284.jpg"},"et-pb-portfolio-module-image":{"file":"render-exterior-510x382.jpg","width":510,"height":382,"mime-type":"image\/jpeg","url":"https:\/\/ferrerarquitectos.com\/wp-content\/uploads\/render-exterior-510x382.jpg"},"et-pb-portfolio-image-single":{"file":"render-exterior-1080x648.jpg","width":1080,"height":648,"mime-type":"image\/jpeg","url":"https:\/\/ferrerarquitectos.com\/wp-content\/uploads\/render-exterior-1080x648.jpg"}},"image_meta":{"aperture":"0","credit":"","camera":"","caption":"","created_timestamp":"0","copyright":"","focal_length":"0","iso":"0","shutter_speed":"0","title":"","orientation":"1","keywords":[]},"ID":"119009","name":"render-exterior.jpg","path":"\/var\/www\/vhosts\/ferrerarquitectos.com\/httpdocs\/wp-content\/uploads\/render-exterior.jpg","url":"https:\/\/ferrerarquitectos.com\/wp-content\/uploads\/render-exterior-150x150.jpg","full_url":"https:\/\/ferrerarquitectos.com\/wp-content\/uploads\/render-exterior.jpg","title":"render exterior","caption":"","description":"","alt":"","srcset":false},{"width":150,"height":150,"file":"01.-NIVEL-01-1.jpg","filesize":1479410,"sizes":{"medium":{"file":"01.-NIVEL-01-1-300x226.jpg","width":300,"height":226,"mime-type":"image\/jpeg","filesize":40741,"url":"https:\/\/ferrerarquitectos.com\/wp-content\/uploads\/01.-NIVEL-01-1-300x226.jpg"},"large":{"file":"01.-NIVEL-01-1-1024x770.jpg","width":1024,"height":770,"mime-type":"image\/jpeg","filesize":255071,"url":"https:\/\/ferrerarquitectos.com\/wp-content\/uploads\/01.-NIVEL-01-1-1024x770.jpg"},"thumbnail":{"file":"01.-NIVEL-01-1-150x150.jpg","width":150,"height":150,"mime-type":"image\/jpeg","filesize":23037,"url":"https:\/\/ferrerarquitectos.com\/wp-content\/uploads\/01.-NIVEL-01-1-150x150.jpg"},"medium_large":{"file":"01.-NIVEL-01-1-768x577.jpg","width":768,"height":577,"mime-type":"image\/jpeg","filesize":159247,"url":"https:\/\/ferrerarquitectos.com\/wp-content\/uploads\/01.-NIVEL-01-1-768x577.jpg"},"1536x1536":{"file":"01.-NIVEL-01-1-1536x1155.jpg","width":1536,"height":1155,"mime-type":"image\/jpeg","filesize":490239,"url":"https:\/\/ferrerarquitectos.com\/wp-content\/uploads\/01.-NIVEL-01-1-1536x1155.jpg"},"et-pb-post-main-image":{"file":"01.-NIVEL-01-1-400x250.jpg","width":400,"height":250,"mime-type":"image\/jpeg","filesize":52884,"url":"https:\/\/ferrerarquitectos.com\/wp-content\/uploads\/01.-NIVEL-01-1-400x250.jpg"},"et-pb-post-main-image-fullwidth":{"file":"01.-NIVEL-01-1-1080x675.jpg","width":1080,"height":675,"mime-type":"image\/jpeg","filesize":245554,"url":"https:\/\/ferrerarquitectos.com\/wp-content\/uploads\/01.-NIVEL-01-1-1080x675.jpg"},"et-pb-portfolio-image":{"file":"01.-NIVEL-01-1-400x284.jpg","width":400,"height":284,"mime-type":"image\/jpeg","filesize":56893,"url":"https:\/\/ferrerarquitectos.com\/wp-content\/uploads\/01.-NIVEL-01-1-400x284.jpg"},"et-pb-portfolio-module-image":{"file":"01.-NIVEL-01-1-510x382.jpg","width":510,"height":382,"mime-type":"image\/jpeg","filesize":83250,"url":"https:\/\/ferrerarquitectos.com\/wp-content\/uploads\/01.-NIVEL-01-1-510x382.jpg"},"et-pb-portfolio-image-single":{"file":"01.-NIVEL-01-1-1080x812.jpg","width":1080,"height":812,"mime-type":"image\/jpeg","filesize":278605,"url":"https:\/\/ferrerarquitectos.com\/wp-content\/uploads\/01.-NIVEL-01-1-1080x812.jpg"},"et-pb-gallery-module-image-portrait":{"file":"01.-NIVEL-01-1-400x516.jpg","width":400,"height":516,"mime-type":"image\/jpeg","filesize":83504,"url":"https:\/\/ferrerarquitectos.com\/wp-content\/uploads\/01.-NIVEL-01-1-400x516.jpg"}},"image_meta":{"aperture":"0","credit":"","camera":"","caption":"","created_timestamp":"0","copyright":"","focal_length":"0","iso":"0","shutter_speed":"0","title":"","orientation":"1","keywords":[]},"ID":"127006","name":"01.-NIVEL-01-1.jpg","path":"\/var\/www\/vhosts\/ferrerarquitectos.com\/httpdocs\/wp-content\/uploads\/01.-NIVEL-01-1.jpg","url":"https:\/\/ferrerarquitectos.com\/wp-content\/uploads\/01.-NIVEL-01-1-150x150.jpg","full_url":"https:\/\/ferrerarquitectos.com\/wp-content\/uploads\/01.-NIVEL-01-1.jpg","title":"84 mojacar - 2","caption":"","description":"84 mojacar - 2","alt":"","srcset":false},{"width":150,"height":150,"file":"02.-NIVEL-01-4.jpg","filesize":1455523,"sizes":{"medium":{"file":"02.-NIVEL-01-4-300x226.jpg","width":300,"height":226,"mime-type":"image\/jpeg","filesize":36434,"url":"https:\/\/ferrerarquitectos.com\/wp-content\/uploads\/02.-NIVEL-01-4-300x226.jpg"},"large":{"file":"02.-NIVEL-01-4-1024x770.jpg","width":1024,"height":770,"mime-type":"image\/jpeg","filesize":218348,"url":"https:\/\/ferrerarquitectos.com\/wp-content\/uploads\/02.-NIVEL-01-4-1024x770.jpg"},"thumbnail":{"file":"02.-NIVEL-01-4-150x150.jpg","width":150,"height":150,"mime-type":"image\/jpeg","filesize":21606,"url":"https:\/\/ferrerarquitectos.com\/wp-content\/uploads\/02.-NIVEL-01-4-150x150.jpg"},"medium_large":{"file":"02.-NIVEL-01-4-768x578.jpg","width":768,"height":578,"mime-type":"image\/jpeg","filesize":137867,"url":"https:\/\/ferrerarquitectos.com\/wp-content\/uploads\/02.-NIVEL-01-4-768x578.jpg"},"1536x1536":{"file":"02.-NIVEL-01-4-1536x1155.jpg","width":1536,"height":1155,"mime-type":"image\/jpeg","filesize":414157,"url":"https:\/\/ferrerarquitectos.com\/wp-content\/uploads\/02.-NIVEL-01-4-1536x1155.jpg"},"et-pb-post-main-image":{"file":"02.-NIVEL-01-4-400x250.jpg","width":400,"height":250,"mime-type":"image\/jpeg","filesize":48641,"url":"https:\/\/ferrerarquitectos.com\/wp-content\/uploads\/02.-NIVEL-01-4-400x250.jpg"},"et-pb-post-main-image-fullwidth":{"file":"02.-NIVEL-01-4-1080x675.jpg","width":1080,"height":675,"mime-type":"image\/jpeg","filesize":214821,"url":"https:\/\/ferrerarquitectos.com\/wp-content\/uploads\/02.-NIVEL-01-4-1080x675.jpg"},"et-pb-portfolio-image":{"file":"02.-NIVEL-01-4-400x284.jpg","width":400,"height":284,"mime-type":"image\/jpeg","filesize":50916,"url":"https:\/\/ferrerarquitectos.com\/wp-content\/uploads\/02.-NIVEL-01-4-400x284.jpg"},"et-pb-portfolio-module-image":{"file":"02.-NIVEL-01-4-510x382.jpg","width":510,"height":382,"mime-type":"image\/jpeg","filesize":72779,"url":"https:\/\/ferrerarquitectos.com\/wp-content\/uploads\/02.-NIVEL-01-4-510x382.jpg"},"et-pb-portfolio-image-single":{"file":"02.-NIVEL-01-4-1080x812.jpg","width":1080,"height":812,"mime-type":"image\/jpeg","filesize":237199,"url":"https:\/\/ferrerarquitectos.com\/wp-content\/uploads\/02.-NIVEL-01-4-1080x812.jpg"},"et-pb-gallery-module-image-portrait":{"file":"02.-NIVEL-01-4-400x516.jpg","width":400,"height":516,"mime-type":"image\/jpeg","filesize":76745,"url":"https:\/\/ferrerarquitectos.com\/wp-content\/uploads\/02.-NIVEL-01-4-400x516.jpg"}},"image_meta":{"aperture":"0","credit":"","camera":"","caption":"","created_timestamp":"0","copyright":"","focal_length":"0","iso":"0","shutter_speed":"0","title":"","orientation":"1","keywords":[]},"ID":"127008","name":"02.-NIVEL-01-4.jpg","path":"\/var\/www\/vhosts\/ferrerarquitectos.com\/httpdocs\/wp-content\/uploads\/02.-NIVEL-01-4.jpg","url":"https:\/\/ferrerarquitectos.com\/wp-content\/uploads\/02.-NIVEL-01-4-150x150.jpg","full_url":"https:\/\/ferrerarquitectos.com\/wp-content\/uploads\/02.-NIVEL-01-4.jpg","title":"84 mojacar - 3","caption":"","description":"84 mojacar - 3","alt":"","srcset":false}]},"_links":{"self":[{"href":"https:\/\/ferrerarquitectos.com\/en\/wp-json\/wp\/v2\/project-new\/125921","targetHints":{"allow":["GET"]}}],"collection":[{"href":"https:\/\/ferrerarquitectos.com\/en\/wp-json\/wp\/v2\/project-new"}],"about":[{"href":"https:\/\/ferrerarquitectos.com\/en\/wp-json\/wp\/v2\/types\/project-new"}],"wp:featuredmedia":[{"embeddable":true,"href":"https:\/\/ferrerarquitectos.com\/en\/wp-json\/wp\/v2\/media\/127005"}],"wp:attachment":[{"href":"https:\/\/ferrerarquitectos.com\/en\/wp-json\/wp\/v2\/media?parent=125921"}],"wp:term":[{"taxonomy":"categoria_proyecto","embeddable":true,"href":"https:\/\/ferrerarquitectos.com\/en\/wp-json\/wp\/v2\/categoria_proyecto?post=125921"}],"curies":[{"name":"wp","href":"https:\/\/api.w.org\/{rel}","templated":true}]}}