{"id":125910,"date":"2025-05-12T22:19:46","date_gmt":"2025-05-12T21:19:46","guid":{"rendered":"https:\/\/ferrerarquitectos.com\/project-new\/project-and-construction-management-of-joffrineau-house-nice-2007\/"},"modified":"2025-08-07T22:30:11","modified_gmt":"2025-08-07T21:30:11","slug":"project-and-work-direction-of-house-joffrineau-nice-2007","status":"publish","type":"project-new","link":"https:\/\/ferrerarquitectos.com\/en\/project-en\/project-and-work-direction-of-house-joffrineau-nice-2007\/","title":{"rendered":"Project and Construction Supervision of Casa Joffrineau (Nice) 2007"},"content":{"rendered":"<p>This dwelling with the vocation of a guesthouse responds to a very simple idea of transparent modulation within an envelope of two planes: roof and floor. We create a viewpoint house completely open to the extraordinary views of the Ligurian Sea and manage in a single gesture to solve the classic problem of separation between night and day spaces. The access to the house is at the back, narrowing in the stone corridor to decompress when crossing the threshold of the door, acquiring the view a new dimension of space that is lost in the landscape.<\/p>\n","protected":false},"featured_media":124647,"template":"","meta":{"_acf_changed":false,"_et_pb_use_builder":"","_et_pb_old_content":"","_et_gb_content_width":""},"categoria_proyecto":[90],"class_list":["post-125910","project-new","type-project-new","status-publish","has-post-thumbnail","hentry","categoria_proyecto-single-family-homes"],"acf":[],"yoast_head":"<!-- This site is optimized with the Yoast SEO plugin v27.5 - https:\/\/yoast.com\/product\/yoast-seo-wordpress\/ -->\n<title>Project and Construction Supervision of Casa Joffrineau (Nice) 2007 - Ferrer Arquitectos<\/title>\n<meta name=\"robots\" content=\"index, follow, max-snippet:-1, max-image-preview:large, max-video-preview:-1\" \/>\n<link rel=\"canonical\" href=\"https:\/\/ferrerarquitectos.com\/en\/project-en\/proyecto-y-direccion-de-obra-de-casa-joffrineau-niza-2007\/\" \/>\n<meta property=\"og:locale\" content=\"en_US\" \/>\n<meta property=\"og:type\" content=\"article\" \/>\n<meta property=\"og:title\" content=\"Project and Construction Supervision of Casa Joffrineau (Nice) 2007 - Ferrer Arquitectos\" \/>\n<meta property=\"og:description\" content=\"This dwelling with the vocation of a guesthouse responds to a very simple idea of transparent modulation within an envelope of two planes: roof and floor. We create a viewpoint house completely open to the extraordinary views of the Ligurian Sea and manage in a single gesture to solve the classic problem of separation between [&hellip;]\" \/>\n<meta property=\"og:url\" content=\"https:\/\/ferrerarquitectos.com\/en\/project-en\/proyecto-y-direccion-de-obra-de-casa-joffrineau-niza-2007\/\" \/>\n<meta property=\"og:site_name\" content=\"Ferrer Arquitectos\" \/>\n<meta property=\"article:modified_time\" content=\"2025-08-07T21:30:11+00:00\" \/>\n<meta property=\"og:image\" content=\"https:\/\/ferrerarquitectos.com\/wp-content\/uploads\/casa-joffrineau-1.jpg\" \/>\n\t<meta property=\"og:image:width\" content=\"900\" \/>\n\t<meta property=\"og:image:height\" content=\"472\" \/>\n\t<meta property=\"og:image:type\" content=\"image\/jpeg\" \/>\n<meta name=\"twitter:card\" content=\"summary_large_image\" \/>\n<script type=\"application\/ld+json\" class=\"yoast-schema-graph\">{\"@context\":\"https:\\\/\\\/schema.org\",\"@graph\":[{\"@type\":\"WebPage\",\"@id\":\"https:\\\/\\\/ferrerarquitectos.com\\\/en\\\/project-en\\\/proyecto-y-direccion-de-obra-de-casa-joffrineau-niza-2007\\\/\",\"url\":\"https:\\\/\\\/ferrerarquitectos.com\\\/en\\\/project-en\\\/proyecto-y-direccion-de-obra-de-casa-joffrineau-niza-2007\\\/\",\"name\":\"Project and Construction Supervision of Casa Joffrineau (Nice) 2007 - Ferrer Arquitectos\",\"isPartOf\":{\"@id\":\"https:\\\/\\\/ferrerarquitectos.com\\\/#website\"},\"primaryImageOfPage\":{\"@id\":\"https:\\\/\\\/ferrerarquitectos.com\\\/en\\\/project-en\\\/proyecto-y-direccion-de-obra-de-casa-joffrineau-niza-2007\\\/#primaryimage\"},\"image\":{\"@id\":\"https:\\\/\\\/ferrerarquitectos.com\\\/en\\\/project-en\\\/proyecto-y-direccion-de-obra-de-casa-joffrineau-niza-2007\\\/#primaryimage\"},\"thumbnailUrl\":\"https:\\\/\\\/ferrerarquitectos.com\\\/wp-content\\\/uploads\\\/casa-joffrineau-1.jpg\",\"datePublished\":\"2025-05-12T21:19:46+00:00\",\"dateModified\":\"2025-08-07T21:30:11+00:00\",\"breadcrumb\":{\"@id\":\"https:\\\/\\\/ferrerarquitectos.com\\\/en\\\/project-en\\\/proyecto-y-direccion-de-obra-de-casa-joffrineau-niza-2007\\\/#breadcrumb\"},\"inLanguage\":\"en-US\",\"potentialAction\":[{\"@type\":\"ReadAction\",\"target\":[\"https:\\\/\\\/ferrerarquitectos.com\\\/en\\\/project-en\\\/proyecto-y-direccion-de-obra-de-casa-joffrineau-niza-2007\\\/\"]}]},{\"@type\":\"ImageObject\",\"inLanguage\":\"en-US\",\"@id\":\"https:\\\/\\\/ferrerarquitectos.com\\\/en\\\/project-en\\\/proyecto-y-direccion-de-obra-de-casa-joffrineau-niza-2007\\\/#primaryimage\",\"url\":\"https:\\\/\\\/ferrerarquitectos.com\\\/wp-content\\\/uploads\\\/casa-joffrineau-1.jpg\",\"contentUrl\":\"https:\\\/\\\/ferrerarquitectos.com\\\/wp-content\\\/uploads\\\/casa-joffrineau-1.jpg\",\"width\":900,\"height\":472},{\"@type\":\"BreadcrumbList\",\"@id\":\"https:\\\/\\\/ferrerarquitectos.com\\\/en\\\/project-en\\\/proyecto-y-direccion-de-obra-de-casa-joffrineau-niza-2007\\\/#breadcrumb\",\"itemListElement\":[{\"@type\":\"ListItem\",\"position\":1,\"name\":\"Portada\",\"item\":\"https:\\\/\\\/ferrerarquitectos.com\\\/\"},{\"@type\":\"ListItem\",\"position\":2,\"name\":\"Proyecto y Direcci\u00f3n de Obra de Casa Joffrineau (Niza) 2007\"}]},{\"@type\":\"WebSite\",\"@id\":\"https:\\\/\\\/ferrerarquitectos.com\\\/#website\",\"url\":\"https:\\\/\\\/ferrerarquitectos.com\\\/\",\"name\":\"Ferrer Arquitectos\",\"description\":\"Bienvenidos a la p\u00e1gina web de Ferrer Arquitectos. M\u00e1s de 25 a\u00f1os haciendo arquitectura. Dise\u00f1o arquitect\u00f3nico basado en la luz y la sostenibilidad: Viviendas, Oficinas, Museos, Edificios singulares y m\u00e1s.\",\"publisher\":{\"@id\":\"https:\\\/\\\/ferrerarquitectos.com\\\/#organization\"},\"potentialAction\":[{\"@type\":\"SearchAction\",\"target\":{\"@type\":\"EntryPoint\",\"urlTemplate\":\"https:\\\/\\\/ferrerarquitectos.com\\\/?s={search_term_string}\"},\"query-input\":{\"@type\":\"PropertyValueSpecification\",\"valueRequired\":true,\"valueName\":\"search_term_string\"}}],\"inLanguage\":\"en-US\"},{\"@type\":\"Organization\",\"@id\":\"https:\\\/\\\/ferrerarquitectos.com\\\/#organization\",\"name\":\"Ferrer Arquitectos\",\"url\":\"https:\\\/\\\/ferrerarquitectos.com\\\/\",\"logo\":{\"@type\":\"ImageObject\",\"inLanguage\":\"en-US\",\"@id\":\"https:\\\/\\\/ferrerarquitectos.com\\\/#\\\/schema\\\/logo\\\/image\\\/\",\"url\":\"https:\\\/\\\/ferrerarquitectos.com\\\/wp-content\\\/uploads\\\/2015\\\/12\\\/favicon.png\",\"contentUrl\":\"https:\\\/\\\/ferrerarquitectos.com\\\/wp-content\\\/uploads\\\/2015\\\/12\\\/favicon.png\",\"width\":32,\"height\":32,\"caption\":\"Ferrer Arquitectos\"},\"image\":{\"@id\":\"https:\\\/\\\/ferrerarquitectos.com\\\/#\\\/schema\\\/logo\\\/image\\\/\"}}]}<\/script>\n<!-- \/ Yoast SEO plugin. -->","yoast_head_json":{"title":"Project and Construction Supervision of Casa Joffrineau (Nice) 2007 - Ferrer Arquitectos","robots":{"index":"index","follow":"follow","max-snippet":"max-snippet:-1","max-image-preview":"max-image-preview:large","max-video-preview":"max-video-preview:-1"},"canonical":"https:\/\/ferrerarquitectos.com\/en\/project-en\/proyecto-y-direccion-de-obra-de-casa-joffrineau-niza-2007\/","og_locale":"en_US","og_type":"article","og_title":"Project and Construction Supervision of Casa Joffrineau (Nice) 2007 - Ferrer Arquitectos","og_description":"This dwelling with the vocation of a guesthouse responds to a very simple idea of transparent modulation within an envelope of two planes: roof and floor. We create a viewpoint house completely open to the extraordinary views of the Ligurian Sea and manage in a single gesture to solve the classic problem of separation between [&hellip;]","og_url":"https:\/\/ferrerarquitectos.com\/en\/project-en\/proyecto-y-direccion-de-obra-de-casa-joffrineau-niza-2007\/","og_site_name":"Ferrer Arquitectos","article_modified_time":"2025-08-07T21:30:11+00:00","og_image":[{"width":900,"height":472,"url":"https:\/\/ferrerarquitectos.com\/wp-content\/uploads\/casa-joffrineau-1.jpg","type":"image\/jpeg"}],"twitter_card":"summary_large_image","schema":{"@context":"https:\/\/schema.org","@graph":[{"@type":"WebPage","@id":"https:\/\/ferrerarquitectos.com\/en\/project-en\/proyecto-y-direccion-de-obra-de-casa-joffrineau-niza-2007\/","url":"https:\/\/ferrerarquitectos.com\/en\/project-en\/proyecto-y-direccion-de-obra-de-casa-joffrineau-niza-2007\/","name":"Project and Construction Supervision of Casa Joffrineau (Nice) 2007 - Ferrer Arquitectos","isPartOf":{"@id":"https:\/\/ferrerarquitectos.com\/#website"},"primaryImageOfPage":{"@id":"https:\/\/ferrerarquitectos.com\/en\/project-en\/proyecto-y-direccion-de-obra-de-casa-joffrineau-niza-2007\/#primaryimage"},"image":{"@id":"https:\/\/ferrerarquitectos.com\/en\/project-en\/proyecto-y-direccion-de-obra-de-casa-joffrineau-niza-2007\/#primaryimage"},"thumbnailUrl":"https:\/\/ferrerarquitectos.com\/wp-content\/uploads\/casa-joffrineau-1.jpg","datePublished":"2025-05-12T21:19:46+00:00","dateModified":"2025-08-07T21:30:11+00:00","breadcrumb":{"@id":"https:\/\/ferrerarquitectos.com\/en\/project-en\/proyecto-y-direccion-de-obra-de-casa-joffrineau-niza-2007\/#breadcrumb"},"inLanguage":"en-US","potentialAction":[{"@type":"ReadAction","target":["https:\/\/ferrerarquitectos.com\/en\/project-en\/proyecto-y-direccion-de-obra-de-casa-joffrineau-niza-2007\/"]}]},{"@type":"ImageObject","inLanguage":"en-US","@id":"https:\/\/ferrerarquitectos.com\/en\/project-en\/proyecto-y-direccion-de-obra-de-casa-joffrineau-niza-2007\/#primaryimage","url":"https:\/\/ferrerarquitectos.com\/wp-content\/uploads\/casa-joffrineau-1.jpg","contentUrl":"https:\/\/ferrerarquitectos.com\/wp-content\/uploads\/casa-joffrineau-1.jpg","width":900,"height":472},{"@type":"BreadcrumbList","@id":"https:\/\/ferrerarquitectos.com\/en\/project-en\/proyecto-y-direccion-de-obra-de-casa-joffrineau-niza-2007\/#breadcrumb","itemListElement":[{"@type":"ListItem","position":1,"name":"Portada","item":"https:\/\/ferrerarquitectos.com\/"},{"@type":"ListItem","position":2,"name":"Proyecto y Direcci\u00f3n de Obra de Casa Joffrineau (Niza) 2007"}]},{"@type":"WebSite","@id":"https:\/\/ferrerarquitectos.com\/#website","url":"https:\/\/ferrerarquitectos.com\/","name":"Ferrer Arquitectos","description":"Bienvenidos a la p\u00e1gina web de Ferrer Arquitectos. M\u00e1s de 25 a\u00f1os haciendo arquitectura. Dise\u00f1o arquitect\u00f3nico basado en la luz y la sostenibilidad: Viviendas, Oficinas, Museos, Edificios singulares y m\u00e1s.","publisher":{"@id":"https:\/\/ferrerarquitectos.com\/#organization"},"potentialAction":[{"@type":"SearchAction","target":{"@type":"EntryPoint","urlTemplate":"https:\/\/ferrerarquitectos.com\/?s={search_term_string}"},"query-input":{"@type":"PropertyValueSpecification","valueRequired":true,"valueName":"search_term_string"}}],"inLanguage":"en-US"},{"@type":"Organization","@id":"https:\/\/ferrerarquitectos.com\/#organization","name":"Ferrer Arquitectos","url":"https:\/\/ferrerarquitectos.com\/","logo":{"@type":"ImageObject","inLanguage":"en-US","@id":"https:\/\/ferrerarquitectos.com\/#\/schema\/logo\/image\/","url":"https:\/\/ferrerarquitectos.com\/wp-content\/uploads\/2015\/12\/favicon.png","contentUrl":"https:\/\/ferrerarquitectos.com\/wp-content\/uploads\/2015\/12\/favicon.png","width":32,"height":32,"caption":"Ferrer Arquitectos"},"image":{"@id":"https:\/\/ferrerarquitectos.com\/#\/schema\/logo\/image\/"}}]}},"meta_box":{"imagenes":[{"width":150,"height":150,"file":"c1.jpg","filesize":1276079,"sizes":{"medium":{"file":"c1-300x193.jpg","width":300,"height":193,"mime-type":"image\/jpeg","filesize":24680,"url":"https:\/\/ferrerarquitectos.com\/wp-content\/uploads\/c1-300x193.jpg"},"large":{"file":"c1-1024x657.jpg","width":1024,"height":657,"mime-type":"image\/jpeg","filesize":153624,"url":"https:\/\/ferrerarquitectos.com\/wp-content\/uploads\/c1-1024x657.jpg"},"thumbnail":{"file":"c1-150x150.jpg","width":150,"height":150,"mime-type":"image\/jpeg","filesize":15521,"url":"https:\/\/ferrerarquitectos.com\/wp-content\/uploads\/c1-150x150.jpg"},"medium_large":{"file":"c1-768x493.jpg","width":768,"height":493,"mime-type":"image\/jpeg","filesize":95569,"url":"https:\/\/ferrerarquitectos.com\/wp-content\/uploads\/c1-768x493.jpg"},"1536x1536":{"file":"c1-1536x986.jpg","width":1536,"height":986,"mime-type":"image\/jpeg","filesize":301630,"url":"https:\/\/ferrerarquitectos.com\/wp-content\/uploads\/c1-1536x986.jpg"},"et-pb-post-main-image":{"file":"c1-400x250.jpg","width":400,"height":250,"mime-type":"image\/jpeg","filesize":34863,"url":"https:\/\/ferrerarquitectos.com\/wp-content\/uploads\/c1-400x250.jpg"},"et-pb-post-main-image-fullwidth":{"file":"c1-1080x675.jpg","width":1080,"height":675,"mime-type":"image\/jpeg","filesize":164124,"url":"https:\/\/ferrerarquitectos.com\/wp-content\/uploads\/c1-1080x675.jpg"},"et-pb-portfolio-image":{"file":"c1-400x284.jpg","width":400,"height":284,"mime-type":"image\/jpeg","filesize":37367,"url":"https:\/\/ferrerarquitectos.com\/wp-content\/uploads\/c1-400x284.jpg"},"et-pb-portfolio-module-image":{"file":"c1-510x382.jpg","width":510,"height":382,"mime-type":"image\/jpeg","filesize":54989,"url":"https:\/\/ferrerarquitectos.com\/wp-content\/uploads\/c1-510x382.jpg"},"et-pb-portfolio-image-single":{"file":"c1-1080x693.jpg","width":1080,"height":693,"mime-type":"image\/jpeg","filesize":167489,"url":"https:\/\/ferrerarquitectos.com\/wp-content\/uploads\/c1-1080x693.jpg"},"et-pb-gallery-module-image-portrait":{"file":"c1-400x516.jpg","width":400,"height":516,"mime-type":"image\/jpeg","filesize":55058,"url":"https:\/\/ferrerarquitectos.com\/wp-content\/uploads\/c1-400x516.jpg"},"et-pb-image--responsive--desktop":{"file":"c1-1280x822.jpg","width":1280,"height":822,"mime-type":"image\/jpeg","filesize":221845,"url":"https:\/\/ferrerarquitectos.com\/wp-content\/uploads\/c1-1280x822.jpg"},"et-pb-image--responsive--tablet":{"file":"c1-980x629.jpg","width":980,"height":629,"mime-type":"image\/jpeg","filesize":143097,"url":"https:\/\/ferrerarquitectos.com\/wp-content\/uploads\/c1-980x629.jpg"},"et-pb-image--responsive--phone":{"file":"c1-480x308.jpg","width":480,"height":308,"mime-type":"image\/jpeg","filesize":45490,"url":"https:\/\/ferrerarquitectos.com\/wp-content\/uploads\/c1-480x308.jpg"}},"image_meta":{"aperture":"0","credit":"","camera":"","caption":"","created_timestamp":"0","copyright":"","focal_length":"0","iso":"0","shutter_speed":"0","title":"","orientation":"1","keywords":[]},"ID":"121165","name":"c1.jpg","path":"\/var\/www\/vhosts\/ferrerarquitectos.com\/httpdocs\/wp-content\/uploads\/c1.jpg","url":"https:\/\/ferrerarquitectos.com\/wp-content\/uploads\/c1-150x150.jpg","full_url":"https:\/\/ferrerarquitectos.com\/wp-content\/uploads\/c1.jpg","title":"c1","caption":"","description":"","alt":"","srcset":false}]},"_links":{"self":[{"href":"https:\/\/ferrerarquitectos.com\/en\/wp-json\/wp\/v2\/project-new\/125910","targetHints":{"allow":["GET"]}}],"collection":[{"href":"https:\/\/ferrerarquitectos.com\/en\/wp-json\/wp\/v2\/project-new"}],"about":[{"href":"https:\/\/ferrerarquitectos.com\/en\/wp-json\/wp\/v2\/types\/project-new"}],"wp:featuredmedia":[{"embeddable":true,"href":"https:\/\/ferrerarquitectos.com\/en\/wp-json\/wp\/v2\/media\/124647"}],"wp:attachment":[{"href":"https:\/\/ferrerarquitectos.com\/en\/wp-json\/wp\/v2\/media?parent=125910"}],"wp:term":[{"taxonomy":"categoria_proyecto","embeddable":true,"href":"https:\/\/ferrerarquitectos.com\/en\/wp-json\/wp\/v2\/categoria_proyecto?post=125910"}],"curies":[{"name":"wp","href":"https:\/\/api.w.org\/{rel}","templated":true}]}}