{"id":125907,"date":"2025-05-12T22:19:48","date_gmt":"2025-05-12T21:19:48","guid":{"rendered":"https:\/\/ferrerarquitectos.com\/project-new\/draft-agricultural-interpretation-center-los-guiraos-cuevas-del-almanzora-almeria-2013\/"},"modified":"2025-12-16T19:21:21","modified_gmt":"2025-12-16T18:21:21","slug":"preliminary-project-agricultural-interpretation-center-los-guiraos-cuevas-del-almanzora-almeria-2013","status":"publish","type":"project-new","link":"https:\/\/ferrerarquitectos.com\/en\/project-en\/preliminary-project-agricultural-interpretation-center-los-guiraos-cuevas-del-almanzora-almeria-2013\/","title":{"rendered":"Preliminary project Agricultural Interpretation Center &#8220;Los Guiraos&#8221;. Cuevas del Almanzora (Almer\u00eda) 2013"},"content":{"rendered":"","protected":false},"featured_media":124679,"template":"","meta":{"_acf_changed":false,"_et_pb_use_builder":"","_et_pb_old_content":"","_et_gb_content_width":""},"categoria_proyecto":[96],"class_list":["post-125907","project-new","type-project-new","status-publish","has-post-thumbnail","hentry","categoria_proyecto-agroindustry"],"acf":[],"yoast_head":"<!-- This site is optimized with the Yoast SEO plugin v27.5 - https:\/\/yoast.com\/product\/yoast-seo-wordpress\/ -->\n<title>Preliminary project Agricultural Interpretation Center &quot;Los Guiraos&quot;. Cuevas del Almanzora (Almer\u00eda) 2013 - Ferrer Arquitectos<\/title>\n<meta name=\"robots\" content=\"index, follow, max-snippet:-1, max-image-preview:large, max-video-preview:-1\" \/>\n<link rel=\"canonical\" href=\"https:\/\/ferrerarquitectos.com\/en\/project-en\/anteproyecto-centro-de-interpretacion-agricola-los-guiraos-cuevas-del-almanzora-almeria-2013\/\" \/>\n<meta property=\"og:locale\" content=\"en_US\" \/>\n<meta property=\"og:type\" content=\"article\" \/>\n<meta property=\"og:title\" content=\"Preliminary project Agricultural Interpretation Center &quot;Los Guiraos&quot;. Cuevas del Almanzora (Almer\u00eda) 2013 - Ferrer Arquitectos\" \/>\n<meta property=\"og:url\" content=\"https:\/\/ferrerarquitectos.com\/en\/project-en\/anteproyecto-centro-de-interpretacion-agricola-los-guiraos-cuevas-del-almanzora-almeria-2013\/\" \/>\n<meta property=\"og:site_name\" content=\"Ferrer Arquitectos\" \/>\n<meta property=\"article:modified_time\" content=\"2025-12-16T18:21:21+00:00\" \/>\n<meta property=\"og:image\" content=\"https:\/\/ferrerarquitectos.com\/wp-content\/uploads\/imagen-web-copia-1.jpg\" \/>\n\t<meta property=\"og:image:width\" content=\"332\" \/>\n\t<meta property=\"og:image:height\" content=\"249\" \/>\n\t<meta property=\"og:image:type\" content=\"image\/jpeg\" \/>\n<meta name=\"twitter:card\" content=\"summary_large_image\" \/>\n<script type=\"application\/ld+json\" class=\"yoast-schema-graph\">{\"@context\":\"https:\\\/\\\/schema.org\",\"@graph\":[{\"@type\":\"WebPage\",\"@id\":\"https:\\\/\\\/ferrerarquitectos.com\\\/en\\\/project-en\\\/anteproyecto-centro-de-interpretacion-agricola-los-guiraos-cuevas-del-almanzora-almeria-2013\\\/\",\"url\":\"https:\\\/\\\/ferrerarquitectos.com\\\/en\\\/project-en\\\/anteproyecto-centro-de-interpretacion-agricola-los-guiraos-cuevas-del-almanzora-almeria-2013\\\/\",\"name\":\"Preliminary project Agricultural Interpretation Center \\\"Los Guiraos\\\". Cuevas del Almanzora (Almer\u00eda) 2013 - Ferrer Arquitectos\",\"isPartOf\":{\"@id\":\"https:\\\/\\\/ferrerarquitectos.com\\\/#website\"},\"primaryImageOfPage\":{\"@id\":\"https:\\\/\\\/ferrerarquitectos.com\\\/en\\\/project-en\\\/anteproyecto-centro-de-interpretacion-agricola-los-guiraos-cuevas-del-almanzora-almeria-2013\\\/#primaryimage\"},\"image\":{\"@id\":\"https:\\\/\\\/ferrerarquitectos.com\\\/en\\\/project-en\\\/anteproyecto-centro-de-interpretacion-agricola-los-guiraos-cuevas-del-almanzora-almeria-2013\\\/#primaryimage\"},\"thumbnailUrl\":\"https:\\\/\\\/ferrerarquitectos.com\\\/wp-content\\\/uploads\\\/imagen-web-copia-1.jpg\",\"datePublished\":\"2025-05-12T21:19:48+00:00\",\"dateModified\":\"2025-12-16T18:21:21+00:00\",\"breadcrumb\":{\"@id\":\"https:\\\/\\\/ferrerarquitectos.com\\\/en\\\/project-en\\\/anteproyecto-centro-de-interpretacion-agricola-los-guiraos-cuevas-del-almanzora-almeria-2013\\\/#breadcrumb\"},\"inLanguage\":\"en-US\",\"potentialAction\":[{\"@type\":\"ReadAction\",\"target\":[\"https:\\\/\\\/ferrerarquitectos.com\\\/en\\\/project-en\\\/anteproyecto-centro-de-interpretacion-agricola-los-guiraos-cuevas-del-almanzora-almeria-2013\\\/\"]}]},{\"@type\":\"ImageObject\",\"inLanguage\":\"en-US\",\"@id\":\"https:\\\/\\\/ferrerarquitectos.com\\\/en\\\/project-en\\\/anteproyecto-centro-de-interpretacion-agricola-los-guiraos-cuevas-del-almanzora-almeria-2013\\\/#primaryimage\",\"url\":\"https:\\\/\\\/ferrerarquitectos.com\\\/wp-content\\\/uploads\\\/imagen-web-copia-1.jpg\",\"contentUrl\":\"https:\\\/\\\/ferrerarquitectos.com\\\/wp-content\\\/uploads\\\/imagen-web-copia-1.jpg\",\"width\":332,\"height\":249},{\"@type\":\"BreadcrumbList\",\"@id\":\"https:\\\/\\\/ferrerarquitectos.com\\\/en\\\/project-en\\\/anteproyecto-centro-de-interpretacion-agricola-los-guiraos-cuevas-del-almanzora-almeria-2013\\\/#breadcrumb\",\"itemListElement\":[{\"@type\":\"ListItem\",\"position\":1,\"name\":\"Portada\",\"item\":\"https:\\\/\\\/ferrerarquitectos.com\\\/\"},{\"@type\":\"ListItem\",\"position\":2,\"name\":\"Anteproyecto Centro de interpretaci\u00f3n agr\u00edcola &#8220;Los Guiraos&#8221;. Cuevas del Almanzora (Almer\u00eda) 2013\"}]},{\"@type\":\"WebSite\",\"@id\":\"https:\\\/\\\/ferrerarquitectos.com\\\/#website\",\"url\":\"https:\\\/\\\/ferrerarquitectos.com\\\/\",\"name\":\"Ferrer Arquitectos\",\"description\":\"Bienvenidos a la p\u00e1gina web de Ferrer Arquitectos. M\u00e1s de 25 a\u00f1os haciendo arquitectura. Dise\u00f1o arquitect\u00f3nico basado en la luz y la sostenibilidad: Viviendas, Oficinas, Museos, Edificios singulares y m\u00e1s.\",\"publisher\":{\"@id\":\"https:\\\/\\\/ferrerarquitectos.com\\\/#organization\"},\"potentialAction\":[{\"@type\":\"SearchAction\",\"target\":{\"@type\":\"EntryPoint\",\"urlTemplate\":\"https:\\\/\\\/ferrerarquitectos.com\\\/?s={search_term_string}\"},\"query-input\":{\"@type\":\"PropertyValueSpecification\",\"valueRequired\":true,\"valueName\":\"search_term_string\"}}],\"inLanguage\":\"en-US\"},{\"@type\":\"Organization\",\"@id\":\"https:\\\/\\\/ferrerarquitectos.com\\\/#organization\",\"name\":\"Ferrer Arquitectos\",\"url\":\"https:\\\/\\\/ferrerarquitectos.com\\\/\",\"logo\":{\"@type\":\"ImageObject\",\"inLanguage\":\"en-US\",\"@id\":\"https:\\\/\\\/ferrerarquitectos.com\\\/#\\\/schema\\\/logo\\\/image\\\/\",\"url\":\"https:\\\/\\\/ferrerarquitectos.com\\\/wp-content\\\/uploads\\\/2015\\\/12\\\/favicon.png\",\"contentUrl\":\"https:\\\/\\\/ferrerarquitectos.com\\\/wp-content\\\/uploads\\\/2015\\\/12\\\/favicon.png\",\"width\":32,\"height\":32,\"caption\":\"Ferrer Arquitectos\"},\"image\":{\"@id\":\"https:\\\/\\\/ferrerarquitectos.com\\\/#\\\/schema\\\/logo\\\/image\\\/\"}}]}<\/script>\n<!-- \/ Yoast SEO plugin. -->","yoast_head_json":{"title":"Preliminary project Agricultural Interpretation Center \"Los Guiraos\". Cuevas del Almanzora (Almer\u00eda) 2013 - Ferrer Arquitectos","robots":{"index":"index","follow":"follow","max-snippet":"max-snippet:-1","max-image-preview":"max-image-preview:large","max-video-preview":"max-video-preview:-1"},"canonical":"https:\/\/ferrerarquitectos.com\/en\/project-en\/anteproyecto-centro-de-interpretacion-agricola-los-guiraos-cuevas-del-almanzora-almeria-2013\/","og_locale":"en_US","og_type":"article","og_title":"Preliminary project Agricultural Interpretation Center \"Los Guiraos\". Cuevas del Almanzora (Almer\u00eda) 2013 - Ferrer Arquitectos","og_url":"https:\/\/ferrerarquitectos.com\/en\/project-en\/anteproyecto-centro-de-interpretacion-agricola-los-guiraos-cuevas-del-almanzora-almeria-2013\/","og_site_name":"Ferrer Arquitectos","article_modified_time":"2025-12-16T18:21:21+00:00","og_image":[{"width":332,"height":249,"url":"https:\/\/ferrerarquitectos.com\/wp-content\/uploads\/imagen-web-copia-1.jpg","type":"image\/jpeg"}],"twitter_card":"summary_large_image","schema":{"@context":"https:\/\/schema.org","@graph":[{"@type":"WebPage","@id":"https:\/\/ferrerarquitectos.com\/en\/project-en\/anteproyecto-centro-de-interpretacion-agricola-los-guiraos-cuevas-del-almanzora-almeria-2013\/","url":"https:\/\/ferrerarquitectos.com\/en\/project-en\/anteproyecto-centro-de-interpretacion-agricola-los-guiraos-cuevas-del-almanzora-almeria-2013\/","name":"Preliminary project Agricultural Interpretation Center \"Los Guiraos\". Cuevas del Almanzora (Almer\u00eda) 2013 - Ferrer Arquitectos","isPartOf":{"@id":"https:\/\/ferrerarquitectos.com\/#website"},"primaryImageOfPage":{"@id":"https:\/\/ferrerarquitectos.com\/en\/project-en\/anteproyecto-centro-de-interpretacion-agricola-los-guiraos-cuevas-del-almanzora-almeria-2013\/#primaryimage"},"image":{"@id":"https:\/\/ferrerarquitectos.com\/en\/project-en\/anteproyecto-centro-de-interpretacion-agricola-los-guiraos-cuevas-del-almanzora-almeria-2013\/#primaryimage"},"thumbnailUrl":"https:\/\/ferrerarquitectos.com\/wp-content\/uploads\/imagen-web-copia-1.jpg","datePublished":"2025-05-12T21:19:48+00:00","dateModified":"2025-12-16T18:21:21+00:00","breadcrumb":{"@id":"https:\/\/ferrerarquitectos.com\/en\/project-en\/anteproyecto-centro-de-interpretacion-agricola-los-guiraos-cuevas-del-almanzora-almeria-2013\/#breadcrumb"},"inLanguage":"en-US","potentialAction":[{"@type":"ReadAction","target":["https:\/\/ferrerarquitectos.com\/en\/project-en\/anteproyecto-centro-de-interpretacion-agricola-los-guiraos-cuevas-del-almanzora-almeria-2013\/"]}]},{"@type":"ImageObject","inLanguage":"en-US","@id":"https:\/\/ferrerarquitectos.com\/en\/project-en\/anteproyecto-centro-de-interpretacion-agricola-los-guiraos-cuevas-del-almanzora-almeria-2013\/#primaryimage","url":"https:\/\/ferrerarquitectos.com\/wp-content\/uploads\/imagen-web-copia-1.jpg","contentUrl":"https:\/\/ferrerarquitectos.com\/wp-content\/uploads\/imagen-web-copia-1.jpg","width":332,"height":249},{"@type":"BreadcrumbList","@id":"https:\/\/ferrerarquitectos.com\/en\/project-en\/anteproyecto-centro-de-interpretacion-agricola-los-guiraos-cuevas-del-almanzora-almeria-2013\/#breadcrumb","itemListElement":[{"@type":"ListItem","position":1,"name":"Portada","item":"https:\/\/ferrerarquitectos.com\/"},{"@type":"ListItem","position":2,"name":"Anteproyecto Centro de interpretaci\u00f3n agr\u00edcola &#8220;Los Guiraos&#8221;. Cuevas del Almanzora (Almer\u00eda) 2013"}]},{"@type":"WebSite","@id":"https:\/\/ferrerarquitectos.com\/#website","url":"https:\/\/ferrerarquitectos.com\/","name":"Ferrer Arquitectos","description":"Bienvenidos a la p\u00e1gina web de Ferrer Arquitectos. M\u00e1s de 25 a\u00f1os haciendo arquitectura. Dise\u00f1o arquitect\u00f3nico basado en la luz y la sostenibilidad: Viviendas, Oficinas, Museos, Edificios singulares y m\u00e1s.","publisher":{"@id":"https:\/\/ferrerarquitectos.com\/#organization"},"potentialAction":[{"@type":"SearchAction","target":{"@type":"EntryPoint","urlTemplate":"https:\/\/ferrerarquitectos.com\/?s={search_term_string}"},"query-input":{"@type":"PropertyValueSpecification","valueRequired":true,"valueName":"search_term_string"}}],"inLanguage":"en-US"},{"@type":"Organization","@id":"https:\/\/ferrerarquitectos.com\/#organization","name":"Ferrer Arquitectos","url":"https:\/\/ferrerarquitectos.com\/","logo":{"@type":"ImageObject","inLanguage":"en-US","@id":"https:\/\/ferrerarquitectos.com\/#\/schema\/logo\/image\/","url":"https:\/\/ferrerarquitectos.com\/wp-content\/uploads\/2015\/12\/favicon.png","contentUrl":"https:\/\/ferrerarquitectos.com\/wp-content\/uploads\/2015\/12\/favicon.png","width":32,"height":32,"caption":"Ferrer Arquitectos"},"image":{"@id":"https:\/\/ferrerarquitectos.com\/#\/schema\/logo\/image\/"}}]}},"meta_box":{"imagenes":[{"width":150,"height":150,"file":"imagen-web-copia.jpg","sizes":{"thumbnail":{"file":"imagen-web-copia-150x150.jpg","width":150,"height":150,"mime-type":"image\/jpeg","url":"https:\/\/ferrerarquitectos.com\/wp-content\/uploads\/imagen-web-copia-150x150.jpg"},"medium":{"file":"imagen-web-copia-300x225.jpg","width":300,"height":225,"mime-type":"image\/jpeg","url":"https:\/\/ferrerarquitectos.com\/wp-content\/uploads\/imagen-web-copia-300x225.jpg"}},"image_meta":{"aperture":"0","credit":"Gil de la Parte, Estela","camera":"","caption":"","created_timestamp":"0","copyright":"","focal_length":"0","iso":"0","shutter_speed":"0","title":"Presentaci\u00f3n de PowerPoint","orientation":"1","keywords":[]},"ID":"117854","name":"imagen-web-copia.jpg","path":"\/var\/www\/vhosts\/ferrerarquitectos.com\/httpdocs\/wp-content\/uploads\/imagen-web-copia.jpg","url":"https:\/\/ferrerarquitectos.com\/wp-content\/uploads\/imagen-web-copia-150x150.jpg","full_url":"https:\/\/ferrerarquitectos.com\/wp-content\/uploads\/imagen-web-copia.jpg","title":"Presentaci\u00f3n de PowerPoint","caption":"","description":"","alt":"","srcset":false},{"width":150,"height":150,"file":"B1-scaled.jpg","filesize":337615,"sizes":{"medium":{"file":"B1-300x212.jpg","width":300,"height":212,"mime-type":"image\/jpeg","filesize":21068,"url":"https:\/\/ferrerarquitectos.com\/wp-content\/uploads\/B1-300x212.jpg"},"large":{"file":"B1-1024x724.jpg","width":1024,"height":724,"mime-type":"image\/jpeg","filesize":72413,"url":"https:\/\/ferrerarquitectos.com\/wp-content\/uploads\/B1-1024x724.jpg"},"thumbnail":{"file":"B1-150x150.jpg","width":150,"height":150,"mime-type":"image\/jpeg","filesize":17439,"url":"https:\/\/ferrerarquitectos.com\/wp-content\/uploads\/B1-150x150.jpg"},"medium_large":{"file":"B1-768x543.jpg","width":768,"height":543,"mime-type":"image\/jpeg","filesize":49233,"url":"https:\/\/ferrerarquitectos.com\/wp-content\/uploads\/B1-768x543.jpg"},"1536x1536":{"file":"B1-1536x1086.jpg","width":1536,"height":1086,"mime-type":"image\/jpeg","filesize":138608,"url":"https:\/\/ferrerarquitectos.com\/wp-content\/uploads\/B1-1536x1086.jpg"},"2048x2048":{"file":"B1-2048x1447.jpg","width":2048,"height":1447,"mime-type":"image\/jpeg","filesize":227558,"url":"https:\/\/ferrerarquitectos.com\/wp-content\/uploads\/B1-2048x1447.jpg"},"et-pb-post-main-image":{"file":"B1-400x250.jpg","width":400,"height":250,"mime-type":"image\/jpeg","filesize":25246,"url":"https:\/\/ferrerarquitectos.com\/wp-content\/uploads\/B1-400x250.jpg"},"et-pb-post-main-image-fullwidth":{"file":"B1-1080x675.jpg","width":1080,"height":675,"mime-type":"image\/jpeg","filesize":76854,"url":"https:\/\/ferrerarquitectos.com\/wp-content\/uploads\/B1-1080x675.jpg"},"et-pb-portfolio-image":{"file":"B1-400x284.jpg","width":400,"height":284,"mime-type":"image\/jpeg","filesize":25253,"url":"https:\/\/ferrerarquitectos.com\/wp-content\/uploads\/B1-400x284.jpg"},"et-pb-portfolio-module-image":{"file":"B1-510x382.jpg","width":510,"height":382,"mime-type":"image\/jpeg","filesize":32753,"url":"https:\/\/ferrerarquitectos.com\/wp-content\/uploads\/B1-510x382.jpg"},"et-pb-portfolio-image-single":{"file":"B1-1080x763.jpg","width":1080,"height":763,"mime-type":"image\/jpeg","filesize":78600,"url":"https:\/\/ferrerarquitectos.com\/wp-content\/uploads\/B1-1080x763.jpg"},"et-pb-gallery-module-image-portrait":{"file":"B1-400x516.jpg","width":400,"height":516,"mime-type":"image\/jpeg","filesize":36042,"url":"https:\/\/ferrerarquitectos.com\/wp-content\/uploads\/B1-400x516.jpg"},"et-pb-post-main-image-fullwidth-large":{"file":"B1-2880x1800.jpg","width":2880,"height":1800,"mime-type":"image\/jpeg","filesize":404117,"url":"https:\/\/ferrerarquitectos.com\/wp-content\/uploads\/B1-2880x1800.jpg"}},"image_meta":{"aperture":"0","credit":"APN","camera":"","caption":"","created_timestamp":"0","copyright":"","focal_length":"0","iso":"0","shutter_speed":"0","title":"\\ServidorhpexpedientesExpedientes Activos\u00001115 SAT Los Guira","orientation":"1","keywords":[]},"original_image":"B1.jpg","ID":"125029","name":"B1-scaled.jpg","path":"\/var\/www\/vhosts\/ferrerarquitectos.com\/httpdocs\/wp-content\/uploads\/B1-scaled.jpg","url":"https:\/\/ferrerarquitectos.com\/wp-content\/uploads\/B1-150x150.jpg","full_url":"https:\/\/ferrerarquitectos.com\/wp-content\/uploads\/B1-scaled.jpg","title":"guiraos-1","caption":"","description":"guiraos-1","alt":"","srcset":false},{"width":150,"height":150,"file":"A1-scaled.jpg","filesize":322217,"sizes":{"medium":{"file":"A1-300x212.jpg","width":300,"height":212,"mime-type":"image\/jpeg","filesize":20792,"url":"https:\/\/ferrerarquitectos.com\/wp-content\/uploads\/A1-300x212.jpg"},"large":{"file":"A1-1024x724.jpg","width":1024,"height":724,"mime-type":"image\/jpeg","filesize":70417,"url":"https:\/\/ferrerarquitectos.com\/wp-content\/uploads\/A1-1024x724.jpg"},"thumbnail":{"file":"A1-150x150.jpg","width":150,"height":150,"mime-type":"image\/jpeg","filesize":17362,"url":"https:\/\/ferrerarquitectos.com\/wp-content\/uploads\/A1-150x150.jpg"},"medium_large":{"file":"A1-768x543.jpg","width":768,"height":543,"mime-type":"image\/jpeg","filesize":47825,"url":"https:\/\/ferrerarquitectos.com\/wp-content\/uploads\/A1-768x543.jpg"},"1536x1536":{"file":"A1-1536x1086.jpg","width":1536,"height":1086,"mime-type":"image\/jpeg","filesize":133686,"url":"https:\/\/ferrerarquitectos.com\/wp-content\/uploads\/A1-1536x1086.jpg"},"2048x2048":{"file":"A1-2048x1447.jpg","width":2048,"height":1447,"mime-type":"image\/jpeg","filesize":219548,"url":"https:\/\/ferrerarquitectos.com\/wp-content\/uploads\/A1-2048x1447.jpg"},"et-pb-post-main-image":{"file":"A1-400x250.jpg","width":400,"height":250,"mime-type":"image\/jpeg","filesize":24817,"url":"https:\/\/ferrerarquitectos.com\/wp-content\/uploads\/A1-400x250.jpg"},"et-pb-post-main-image-fullwidth":{"file":"A1-1080x675.jpg","width":1080,"height":675,"mime-type":"image\/jpeg","filesize":74467,"url":"https:\/\/ferrerarquitectos.com\/wp-content\/uploads\/A1-1080x675.jpg"},"et-pb-portfolio-image":{"file":"A1-400x284.jpg","width":400,"height":284,"mime-type":"image\/jpeg","filesize":24882,"url":"https:\/\/ferrerarquitectos.com\/wp-content\/uploads\/A1-400x284.jpg"},"et-pb-portfolio-module-image":{"file":"A1-510x382.jpg","width":510,"height":382,"mime-type":"image\/jpeg","filesize":32018,"url":"https:\/\/ferrerarquitectos.com\/wp-content\/uploads\/A1-510x382.jpg"},"et-pb-portfolio-image-single":{"file":"A1-1080x763.jpg","width":1080,"height":763,"mime-type":"image\/jpeg","filesize":75999,"url":"https:\/\/ferrerarquitectos.com\/wp-content\/uploads\/A1-1080x763.jpg"},"et-pb-gallery-module-image-portrait":{"file":"A1-400x516.jpg","width":400,"height":516,"mime-type":"image\/jpeg","filesize":35924,"url":"https:\/\/ferrerarquitectos.com\/wp-content\/uploads\/A1-400x516.jpg"},"et-pb-post-main-image-fullwidth-large":{"file":"A1-2880x1800.jpg","width":2880,"height":1800,"mime-type":"image\/jpeg","filesize":384323,"url":"https:\/\/ferrerarquitectos.com\/wp-content\/uploads\/A1-2880x1800.jpg"}},"image_meta":{"aperture":"0","credit":"APN","camera":"","caption":"","created_timestamp":"0","copyright":"","focal_length":"0","iso":"0","shutter_speed":"0","title":"\\ServidorhpexpedientesExpedientes Activos\u00001115 SAT Los Guira","orientation":"1","keywords":[]},"original_image":"A1.jpg","ID":"125030","name":"A1-scaled.jpg","path":"\/var\/www\/vhosts\/ferrerarquitectos.com\/httpdocs\/wp-content\/uploads\/A1-scaled.jpg","url":"https:\/\/ferrerarquitectos.com\/wp-content\/uploads\/A1-150x150.jpg","full_url":"https:\/\/ferrerarquitectos.com\/wp-content\/uploads\/A1-scaled.jpg","title":"guiraos-2","caption":"","description":"guiraos-2","alt":"","srcset":false},{"width":150,"height":150,"file":"B2-scaled.jpg","filesize":279927,"sizes":{"medium":{"file":"B2-300x212.jpg","width":300,"height":212,"mime-type":"image\/jpeg","filesize":18683,"url":"https:\/\/ferrerarquitectos.com\/wp-content\/uploads\/B2-300x212.jpg"},"large":{"file":"B2-1024x724.jpg","width":1024,"height":724,"mime-type":"image\/jpeg","filesize":58307,"url":"https:\/\/ferrerarquitectos.com\/wp-content\/uploads\/B2-1024x724.jpg"},"thumbnail":{"file":"B2-150x150.jpg","width":150,"height":150,"mime-type":"image\/jpeg","filesize":16000,"url":"https:\/\/ferrerarquitectos.com\/wp-content\/uploads\/B2-150x150.jpg"},"medium_large":{"file":"B2-768x543.jpg","width":768,"height":543,"mime-type":"image\/jpeg","filesize":39846,"url":"https:\/\/ferrerarquitectos.com\/wp-content\/uploads\/B2-768x543.jpg"},"1536x1536":{"file":"B2-1536x1086.jpg","width":1536,"height":1086,"mime-type":"image\/jpeg","filesize":112357,"url":"https:\/\/ferrerarquitectos.com\/wp-content\/uploads\/B2-1536x1086.jpg"},"2048x2048":{"file":"B2-2048x1447.jpg","width":2048,"height":1447,"mime-type":"image\/jpeg","filesize":186383,"url":"https:\/\/ferrerarquitectos.com\/wp-content\/uploads\/B2-2048x1447.jpg"},"et-pb-post-main-image":{"file":"B2-400x250.jpg","width":400,"height":250,"mime-type":"image\/jpeg","filesize":21679,"url":"https:\/\/ferrerarquitectos.com\/wp-content\/uploads\/B2-400x250.jpg"},"et-pb-post-main-image-fullwidth":{"file":"B2-1080x675.jpg","width":1080,"height":675,"mime-type":"image\/jpeg","filesize":62150,"url":"https:\/\/ferrerarquitectos.com\/wp-content\/uploads\/B2-1080x675.jpg"},"et-pb-portfolio-image":{"file":"B2-400x284.jpg","width":400,"height":284,"mime-type":"image\/jpeg","filesize":21898,"url":"https:\/\/ferrerarquitectos.com\/wp-content\/uploads\/B2-400x284.jpg"},"et-pb-portfolio-module-image":{"file":"B2-510x382.jpg","width":510,"height":382,"mime-type":"image\/jpeg","filesize":27315,"url":"https:\/\/ferrerarquitectos.com\/wp-content\/uploads\/B2-510x382.jpg"},"et-pb-portfolio-image-single":{"file":"B2-1080x763.jpg","width":1080,"height":763,"mime-type":"image\/jpeg","filesize":63429,"url":"https:\/\/ferrerarquitectos.com\/wp-content\/uploads\/B2-1080x763.jpg"},"et-pb-gallery-module-image-portrait":{"file":"B2-400x516.jpg","width":400,"height":516,"mime-type":"image\/jpeg","filesize":29903,"url":"https:\/\/ferrerarquitectos.com\/wp-content\/uploads\/B2-400x516.jpg"},"et-pb-post-main-image-fullwidth-large":{"file":"B2-2880x1800.jpg","width":2880,"height":1800,"mime-type":"image\/jpeg","filesize":336171,"url":"https:\/\/ferrerarquitectos.com\/wp-content\/uploads\/B2-2880x1800.jpg"}},"image_meta":{"aperture":"0","credit":"APN","camera":"","caption":"","created_timestamp":"0","copyright":"","focal_length":"0","iso":"0","shutter_speed":"0","title":"\\ServidorhpexpedientesExpedientes Activos\u00001115 SAT Los Guira","orientation":"1","keywords":[]},"original_image":"B2.jpg","ID":"125031","name":"B2-scaled.jpg","path":"\/var\/www\/vhosts\/ferrerarquitectos.com\/httpdocs\/wp-content\/uploads\/B2-scaled.jpg","url":"https:\/\/ferrerarquitectos.com\/wp-content\/uploads\/B2-150x150.jpg","full_url":"https:\/\/ferrerarquitectos.com\/wp-content\/uploads\/B2-scaled.jpg","title":"guiraos-3","caption":"","description":"guiraos-3","alt":"","srcset":false},{"width":150,"height":150,"file":"CORTIJO-scaled.jpg","filesize":385504,"sizes":{"medium":{"file":"CORTIJO-300x212.jpg","width":300,"height":212,"mime-type":"image\/jpeg","filesize":21975,"url":"https:\/\/ferrerarquitectos.com\/wp-content\/uploads\/CORTIJO-300x212.jpg"},"large":{"file":"CORTIJO-1024x724.jpg","width":1024,"height":724,"mime-type":"image\/jpeg","filesize":81990,"url":"https:\/\/ferrerarquitectos.com\/wp-content\/uploads\/CORTIJO-1024x724.jpg"},"thumbnail":{"file":"CORTIJO-150x150.jpg","width":150,"height":150,"mime-type":"image\/jpeg","filesize":18110,"url":"https:\/\/ferrerarquitectos.com\/wp-content\/uploads\/CORTIJO-150x150.jpg"},"medium_large":{"file":"CORTIJO-768x543.jpg","width":768,"height":543,"mime-type":"image\/jpeg","filesize":54355,"url":"https:\/\/ferrerarquitectos.com\/wp-content\/uploads\/CORTIJO-768x543.jpg"},"1536x1536":{"file":"CORTIJO-1536x1086.jpg","width":1536,"height":1086,"mime-type":"image\/jpeg","filesize":157088,"url":"https:\/\/ferrerarquitectos.com\/wp-content\/uploads\/CORTIJO-1536x1086.jpg"},"2048x2048":{"file":"CORTIJO-2048x1447.jpg","width":2048,"height":1447,"mime-type":"image\/jpeg","filesize":259489,"url":"https:\/\/ferrerarquitectos.com\/wp-content\/uploads\/CORTIJO-2048x1447.jpg"},"et-pb-post-main-image":{"file":"CORTIJO-400x250.jpg","width":400,"height":250,"mime-type":"image\/jpeg","filesize":26542,"url":"https:\/\/ferrerarquitectos.com\/wp-content\/uploads\/CORTIJO-400x250.jpg"},"et-pb-post-main-image-fullwidth":{"file":"CORTIJO-1080x675.jpg","width":1080,"height":675,"mime-type":"image\/jpeg","filesize":86814,"url":"https:\/\/ferrerarquitectos.com\/wp-content\/uploads\/CORTIJO-1080x675.jpg"},"et-pb-portfolio-image":{"file":"CORTIJO-400x284.jpg","width":400,"height":284,"mime-type":"image\/jpeg","filesize":27184,"url":"https:\/\/ferrerarquitectos.com\/wp-content\/uploads\/CORTIJO-400x284.jpg"},"et-pb-portfolio-module-image":{"file":"CORTIJO-510x382.jpg","width":510,"height":382,"mime-type":"image\/jpeg","filesize":35646,"url":"https:\/\/ferrerarquitectos.com\/wp-content\/uploads\/CORTIJO-510x382.jpg"},"et-pb-portfolio-image-single":{"file":"CORTIJO-1080x763.jpg","width":1080,"height":763,"mime-type":"image\/jpeg","filesize":88903,"url":"https:\/\/ferrerarquitectos.com\/wp-content\/uploads\/CORTIJO-1080x763.jpg"},"et-pb-gallery-module-image-portrait":{"file":"CORTIJO-400x516.jpg","width":400,"height":516,"mime-type":"image\/jpeg","filesize":41227,"url":"https:\/\/ferrerarquitectos.com\/wp-content\/uploads\/CORTIJO-400x516.jpg"},"et-pb-post-main-image-fullwidth-large":{"file":"CORTIJO-2880x1800.jpg","width":2880,"height":1800,"mime-type":"image\/jpeg","filesize":460853,"url":"https:\/\/ferrerarquitectos.com\/wp-content\/uploads\/CORTIJO-2880x1800.jpg"}},"image_meta":{"aperture":"0","credit":"APN","camera":"","caption":"","created_timestamp":"0","copyright":"","focal_length":"0","iso":"0","shutter_speed":"0","title":"\\ServidorhpexpedientesExpedientes Activos\u00001115 SAT Los Guira","orientation":"1","keywords":[]},"original_image":"CORTIJO.jpg","ID":"125033","name":"CORTIJO-scaled.jpg","path":"\/var\/www\/vhosts\/ferrerarquitectos.com\/httpdocs\/wp-content\/uploads\/CORTIJO-scaled.jpg","url":"https:\/\/ferrerarquitectos.com\/wp-content\/uploads\/CORTIJO-150x150.jpg","full_url":"https:\/\/ferrerarquitectos.com\/wp-content\/uploads\/CORTIJO-scaled.jpg","title":"guiraos-4","caption":"","description":"guiraos-4","alt":"","srcset":false}]},"_links":{"self":[{"href":"https:\/\/ferrerarquitectos.com\/en\/wp-json\/wp\/v2\/project-new\/125907","targetHints":{"allow":["GET"]}}],"collection":[{"href":"https:\/\/ferrerarquitectos.com\/en\/wp-json\/wp\/v2\/project-new"}],"about":[{"href":"https:\/\/ferrerarquitectos.com\/en\/wp-json\/wp\/v2\/types\/project-new"}],"wp:featuredmedia":[{"embeddable":true,"href":"https:\/\/ferrerarquitectos.com\/en\/wp-json\/wp\/v2\/media\/124679"}],"wp:attachment":[{"href":"https:\/\/ferrerarquitectos.com\/en\/wp-json\/wp\/v2\/media?parent=125907"}],"wp:term":[{"taxonomy":"categoria_proyecto","embeddable":true,"href":"https:\/\/ferrerarquitectos.com\/en\/wp-json\/wp\/v2\/categoria_proyecto?post=125907"}],"curies":[{"name":"wp","href":"https:\/\/api.w.org\/{rel}","templated":true}]}}