{"id":125906,"date":"2025-05-12T22:19:49","date_gmt":"2025-05-12T21:19:49","guid":{"rendered":"https:\/\/ferrerarquitectos.com\/project-new\/project-and-construction-management-of-the-mediterraneo-norte-health-center-almeria-2007\/"},"modified":"2025-08-07T22:30:11","modified_gmt":"2025-08-07T21:30:11","slug":"project-and-construction-management-of-the-mediterranean-north-health-center-almeria-2007","status":"publish","type":"project-new","link":"https:\/\/ferrerarquitectos.com\/en\/project-en\/project-and-construction-management-of-the-mediterranean-north-health-center-almeria-2007\/","title":{"rendered":"Project and Construction Management of the Mediterranean North Health Center (Almer\u00eda) 2007"},"content":{"rendered":"<p>1st Prize in Contest.<\/p>\n<p>The building consists of a ground floor and first floor, with a basement for parking and storage. The rooftop is accessible only for maintenance. The center is structured around a sequence of light courtyards that allow for ventilation and lighting of the different rooms. It has a contemporary exterior appearance, based on a perforated ceramic prism that sits and rests on a volume finished with prefabricated concrete panels. The ground floor contains the entrance and reception, accompanied by the administration area, adult clinic, minor surgery, pediatric clinic, and support services. The first floor houses health education, staff area, and support services.<\/p>\n<p>TECHNICAL SHEET<br \/>\nProject: Mediterranean North Health Center<br \/>\nLocation: Avda. del Mediterr\u00e1neo s\/n in Almer\u00eda<br \/>\nDeveloper: Andalusian Health Service<br \/>\nCompletion: Year 2010<br \/>\nTeam: Jos\u00e9 \u00c1ngel Ferrer (Chief Architect), Javier de Sim\u00f3n, Antonio Palenzuela, Antonio Garc\u00eda<br \/>\nTechnical Architect: Manuel Alonso<br \/>\nCollaborators: ICC Laboratory<br \/>\nContractor: Construcciones Tejera<br \/>\nBuilt area: 1,352.38 m<sup>2<\/sup><\/p>\n","protected":false},"featured_media":126036,"template":"","meta":{"_acf_changed":false,"_et_pb_use_builder":"","_et_pb_old_content":"","_et_gb_content_width":""},"categoria_proyecto":[99],"class_list":["post-125906","project-new","type-project-new","status-publish","has-post-thumbnail","hentry","categoria_proyecto-health"],"acf":[],"yoast_head":"<!-- This site is optimized with the Yoast SEO plugin v27.5 - https:\/\/yoast.com\/product\/yoast-seo-wordpress\/ -->\n<title>Project and Construction Management of the Mediterranean North Health Center (Almer\u00eda) 2007 - Ferrer Arquitectos<\/title>\n<meta name=\"robots\" content=\"index, follow, max-snippet:-1, max-image-preview:large, max-video-preview:-1\" \/>\n<link rel=\"canonical\" href=\"https:\/\/ferrerarquitectos.com\/en\/project-en\/proyecto-y-direccion-de-obra-del-centro-de-salud-mediterraneo-norte-almeria-2007\/\" \/>\n<meta property=\"og:locale\" content=\"en_US\" \/>\n<meta property=\"og:type\" content=\"article\" \/>\n<meta property=\"og:title\" content=\"Project and Construction Management of the Mediterranean North Health Center (Almer\u00eda) 2007 - Ferrer Arquitectos\" \/>\n<meta property=\"og:description\" content=\"1st Prize in Contest. The building consists of a ground floor and first floor, with a basement for parking and storage. The rooftop is accessible only for maintenance. The center is structured around a sequence of light courtyards that allow for ventilation and lighting of the different rooms. It has a contemporary exterior appearance, based [&hellip;]\" \/>\n<meta property=\"og:url\" content=\"https:\/\/ferrerarquitectos.com\/en\/project-en\/proyecto-y-direccion-de-obra-del-centro-de-salud-mediterraneo-norte-almeria-2007\/\" \/>\n<meta property=\"og:site_name\" content=\"Ferrer Arquitectos\" \/>\n<meta property=\"article:modified_time\" content=\"2025-08-07T21:30:11+00:00\" \/>\n<meta property=\"og:image\" content=\"https:\/\/ferrerarquitectos.com\/wp-content\/uploads\/Foto-portada-scaled.jpg\" \/>\n\t<meta property=\"og:image:width\" content=\"2278\" \/>\n\t<meta property=\"og:image:height\" content=\"2560\" \/>\n\t<meta property=\"og:image:type\" content=\"image\/jpeg\" \/>\n<meta name=\"twitter:card\" content=\"summary_large_image\" \/>\n<meta name=\"twitter:label1\" content=\"Est. reading time\" \/>\n\t<meta name=\"twitter:data1\" content=\"1 minute\" \/>\n<script type=\"application\/ld+json\" class=\"yoast-schema-graph\">{\"@context\":\"https:\\\/\\\/schema.org\",\"@graph\":[{\"@type\":\"WebPage\",\"@id\":\"https:\\\/\\\/ferrerarquitectos.com\\\/en\\\/project-en\\\/proyecto-y-direccion-de-obra-del-centro-de-salud-mediterraneo-norte-almeria-2007\\\/\",\"url\":\"https:\\\/\\\/ferrerarquitectos.com\\\/en\\\/project-en\\\/proyecto-y-direccion-de-obra-del-centro-de-salud-mediterraneo-norte-almeria-2007\\\/\",\"name\":\"Project and Construction Management of the Mediterranean North Health Center (Almer\u00eda) 2007 - Ferrer Arquitectos\",\"isPartOf\":{\"@id\":\"https:\\\/\\\/ferrerarquitectos.com\\\/#website\"},\"primaryImageOfPage\":{\"@id\":\"https:\\\/\\\/ferrerarquitectos.com\\\/en\\\/project-en\\\/proyecto-y-direccion-de-obra-del-centro-de-salud-mediterraneo-norte-almeria-2007\\\/#primaryimage\"},\"image\":{\"@id\":\"https:\\\/\\\/ferrerarquitectos.com\\\/en\\\/project-en\\\/proyecto-y-direccion-de-obra-del-centro-de-salud-mediterraneo-norte-almeria-2007\\\/#primaryimage\"},\"thumbnailUrl\":\"https:\\\/\\\/ferrerarquitectos.com\\\/wp-content\\\/uploads\\\/Foto-portada-scaled.jpg\",\"datePublished\":\"2025-05-12T21:19:49+00:00\",\"dateModified\":\"2025-08-07T21:30:11+00:00\",\"breadcrumb\":{\"@id\":\"https:\\\/\\\/ferrerarquitectos.com\\\/en\\\/project-en\\\/proyecto-y-direccion-de-obra-del-centro-de-salud-mediterraneo-norte-almeria-2007\\\/#breadcrumb\"},\"inLanguage\":\"en-US\",\"potentialAction\":[{\"@type\":\"ReadAction\",\"target\":[\"https:\\\/\\\/ferrerarquitectos.com\\\/en\\\/project-en\\\/proyecto-y-direccion-de-obra-del-centro-de-salud-mediterraneo-norte-almeria-2007\\\/\"]}]},{\"@type\":\"ImageObject\",\"inLanguage\":\"en-US\",\"@id\":\"https:\\\/\\\/ferrerarquitectos.com\\\/en\\\/project-en\\\/proyecto-y-direccion-de-obra-del-centro-de-salud-mediterraneo-norte-almeria-2007\\\/#primaryimage\",\"url\":\"https:\\\/\\\/ferrerarquitectos.com\\\/wp-content\\\/uploads\\\/Foto-portada-scaled.jpg\",\"contentUrl\":\"https:\\\/\\\/ferrerarquitectos.com\\\/wp-content\\\/uploads\\\/Foto-portada-scaled.jpg\",\"width\":2278,\"height\":2560,\"caption\":\"Nuevo centro de salud en Almer\u00eda.\"},{\"@type\":\"BreadcrumbList\",\"@id\":\"https:\\\/\\\/ferrerarquitectos.com\\\/en\\\/project-en\\\/proyecto-y-direccion-de-obra-del-centro-de-salud-mediterraneo-norte-almeria-2007\\\/#breadcrumb\",\"itemListElement\":[{\"@type\":\"ListItem\",\"position\":1,\"name\":\"Portada\",\"item\":\"https:\\\/\\\/ferrerarquitectos.com\\\/\"},{\"@type\":\"ListItem\",\"position\":2,\"name\":\"Proyecto y Direcci\u00f3n de Obra del Centro de Salud Mediterr\u00e1neo Norte (Almer\u00eda) 2007\"}]},{\"@type\":\"WebSite\",\"@id\":\"https:\\\/\\\/ferrerarquitectos.com\\\/#website\",\"url\":\"https:\\\/\\\/ferrerarquitectos.com\\\/\",\"name\":\"Ferrer Arquitectos\",\"description\":\"Bienvenidos a la p\u00e1gina web de Ferrer Arquitectos. M\u00e1s de 25 a\u00f1os haciendo arquitectura. Dise\u00f1o arquitect\u00f3nico basado en la luz y la sostenibilidad: Viviendas, Oficinas, Museos, Edificios singulares y m\u00e1s.\",\"publisher\":{\"@id\":\"https:\\\/\\\/ferrerarquitectos.com\\\/#organization\"},\"potentialAction\":[{\"@type\":\"SearchAction\",\"target\":{\"@type\":\"EntryPoint\",\"urlTemplate\":\"https:\\\/\\\/ferrerarquitectos.com\\\/?s={search_term_string}\"},\"query-input\":{\"@type\":\"PropertyValueSpecification\",\"valueRequired\":true,\"valueName\":\"search_term_string\"}}],\"inLanguage\":\"en-US\"},{\"@type\":\"Organization\",\"@id\":\"https:\\\/\\\/ferrerarquitectos.com\\\/#organization\",\"name\":\"Ferrer Arquitectos\",\"url\":\"https:\\\/\\\/ferrerarquitectos.com\\\/\",\"logo\":{\"@type\":\"ImageObject\",\"inLanguage\":\"en-US\",\"@id\":\"https:\\\/\\\/ferrerarquitectos.com\\\/#\\\/schema\\\/logo\\\/image\\\/\",\"url\":\"https:\\\/\\\/ferrerarquitectos.com\\\/wp-content\\\/uploads\\\/2015\\\/12\\\/favicon.png\",\"contentUrl\":\"https:\\\/\\\/ferrerarquitectos.com\\\/wp-content\\\/uploads\\\/2015\\\/12\\\/favicon.png\",\"width\":32,\"height\":32,\"caption\":\"Ferrer Arquitectos\"},\"image\":{\"@id\":\"https:\\\/\\\/ferrerarquitectos.com\\\/#\\\/schema\\\/logo\\\/image\\\/\"}}]}<\/script>\n<!-- \/ Yoast SEO plugin. -->","yoast_head_json":{"title":"Project and Construction Management of the Mediterranean North Health Center (Almer\u00eda) 2007 - Ferrer Arquitectos","robots":{"index":"index","follow":"follow","max-snippet":"max-snippet:-1","max-image-preview":"max-image-preview:large","max-video-preview":"max-video-preview:-1"},"canonical":"https:\/\/ferrerarquitectos.com\/en\/project-en\/proyecto-y-direccion-de-obra-del-centro-de-salud-mediterraneo-norte-almeria-2007\/","og_locale":"en_US","og_type":"article","og_title":"Project and Construction Management of the Mediterranean North Health Center (Almer\u00eda) 2007 - Ferrer Arquitectos","og_description":"1st Prize in Contest. The building consists of a ground floor and first floor, with a basement for parking and storage. The rooftop is accessible only for maintenance. The center is structured around a sequence of light courtyards that allow for ventilation and lighting of the different rooms. It has a contemporary exterior appearance, based [&hellip;]","og_url":"https:\/\/ferrerarquitectos.com\/en\/project-en\/proyecto-y-direccion-de-obra-del-centro-de-salud-mediterraneo-norte-almeria-2007\/","og_site_name":"Ferrer Arquitectos","article_modified_time":"2025-08-07T21:30:11+00:00","og_image":[{"width":2278,"height":2560,"url":"https:\/\/ferrerarquitectos.com\/wp-content\/uploads\/Foto-portada-scaled.jpg","type":"image\/jpeg"}],"twitter_card":"summary_large_image","twitter_misc":{"Est. reading time":"1 minute"},"schema":{"@context":"https:\/\/schema.org","@graph":[{"@type":"WebPage","@id":"https:\/\/ferrerarquitectos.com\/en\/project-en\/proyecto-y-direccion-de-obra-del-centro-de-salud-mediterraneo-norte-almeria-2007\/","url":"https:\/\/ferrerarquitectos.com\/en\/project-en\/proyecto-y-direccion-de-obra-del-centro-de-salud-mediterraneo-norte-almeria-2007\/","name":"Project and Construction Management of the Mediterranean North Health Center (Almer\u00eda) 2007 - Ferrer Arquitectos","isPartOf":{"@id":"https:\/\/ferrerarquitectos.com\/#website"},"primaryImageOfPage":{"@id":"https:\/\/ferrerarquitectos.com\/en\/project-en\/proyecto-y-direccion-de-obra-del-centro-de-salud-mediterraneo-norte-almeria-2007\/#primaryimage"},"image":{"@id":"https:\/\/ferrerarquitectos.com\/en\/project-en\/proyecto-y-direccion-de-obra-del-centro-de-salud-mediterraneo-norte-almeria-2007\/#primaryimage"},"thumbnailUrl":"https:\/\/ferrerarquitectos.com\/wp-content\/uploads\/Foto-portada-scaled.jpg","datePublished":"2025-05-12T21:19:49+00:00","dateModified":"2025-08-07T21:30:11+00:00","breadcrumb":{"@id":"https:\/\/ferrerarquitectos.com\/en\/project-en\/proyecto-y-direccion-de-obra-del-centro-de-salud-mediterraneo-norte-almeria-2007\/#breadcrumb"},"inLanguage":"en-US","potentialAction":[{"@type":"ReadAction","target":["https:\/\/ferrerarquitectos.com\/en\/project-en\/proyecto-y-direccion-de-obra-del-centro-de-salud-mediterraneo-norte-almeria-2007\/"]}]},{"@type":"ImageObject","inLanguage":"en-US","@id":"https:\/\/ferrerarquitectos.com\/en\/project-en\/proyecto-y-direccion-de-obra-del-centro-de-salud-mediterraneo-norte-almeria-2007\/#primaryimage","url":"https:\/\/ferrerarquitectos.com\/wp-content\/uploads\/Foto-portada-scaled.jpg","contentUrl":"https:\/\/ferrerarquitectos.com\/wp-content\/uploads\/Foto-portada-scaled.jpg","width":2278,"height":2560,"caption":"Nuevo centro de salud en Almer\u00eda."},{"@type":"BreadcrumbList","@id":"https:\/\/ferrerarquitectos.com\/en\/project-en\/proyecto-y-direccion-de-obra-del-centro-de-salud-mediterraneo-norte-almeria-2007\/#breadcrumb","itemListElement":[{"@type":"ListItem","position":1,"name":"Portada","item":"https:\/\/ferrerarquitectos.com\/"},{"@type":"ListItem","position":2,"name":"Proyecto y Direcci\u00f3n de Obra del Centro de Salud Mediterr\u00e1neo Norte (Almer\u00eda) 2007"}]},{"@type":"WebSite","@id":"https:\/\/ferrerarquitectos.com\/#website","url":"https:\/\/ferrerarquitectos.com\/","name":"Ferrer Arquitectos","description":"Bienvenidos a la p\u00e1gina web de Ferrer Arquitectos. M\u00e1s de 25 a\u00f1os haciendo arquitectura. Dise\u00f1o arquitect\u00f3nico basado en la luz y la sostenibilidad: Viviendas, Oficinas, Museos, Edificios singulares y m\u00e1s.","publisher":{"@id":"https:\/\/ferrerarquitectos.com\/#organization"},"potentialAction":[{"@type":"SearchAction","target":{"@type":"EntryPoint","urlTemplate":"https:\/\/ferrerarquitectos.com\/?s={search_term_string}"},"query-input":{"@type":"PropertyValueSpecification","valueRequired":true,"valueName":"search_term_string"}}],"inLanguage":"en-US"},{"@type":"Organization","@id":"https:\/\/ferrerarquitectos.com\/#organization","name":"Ferrer Arquitectos","url":"https:\/\/ferrerarquitectos.com\/","logo":{"@type":"ImageObject","inLanguage":"en-US","@id":"https:\/\/ferrerarquitectos.com\/#\/schema\/logo\/image\/","url":"https:\/\/ferrerarquitectos.com\/wp-content\/uploads\/2015\/12\/favicon.png","contentUrl":"https:\/\/ferrerarquitectos.com\/wp-content\/uploads\/2015\/12\/favicon.png","width":32,"height":32,"caption":"Ferrer Arquitectos"},"image":{"@id":"https:\/\/ferrerarquitectos.com\/#\/schema\/logo\/image\/"}}]}},"meta_box":{"imagenes":[{"width":150,"height":150,"file":"6-2-scaled.jpg","filesize":929938,"sizes":{"medium":{"file":"6-2-222x300.jpg","width":222,"height":300,"mime-type":"image\/jpeg","filesize":52942,"url":"https:\/\/ferrerarquitectos.com\/wp-content\/uploads\/6-2-222x300.jpg"},"large":{"file":"6-2-759x1024.jpg","width":759,"height":1024,"mime-type":"image\/jpeg","filesize":213247,"url":"https:\/\/ferrerarquitectos.com\/wp-content\/uploads\/6-2-759x1024.jpg"},"thumbnail":{"file":"6-2-150x150.jpg","width":150,"height":150,"mime-type":"image\/jpeg","filesize":39010,"url":"https:\/\/ferrerarquitectos.com\/wp-content\/uploads\/6-2-150x150.jpg"},"medium_large":{"file":"6-2-768x1037.jpg","width":768,"height":1037,"mime-type":"image\/jpeg","filesize":216917,"url":"https:\/\/ferrerarquitectos.com\/wp-content\/uploads\/6-2-768x1037.jpg"},"1536x1536":{"file":"6-2-1138x1536.jpg","width":1138,"height":1536,"mime-type":"image\/jpeg","filesize":394806,"url":"https:\/\/ferrerarquitectos.com\/wp-content\/uploads\/6-2-1138x1536.jpg"},"2048x2048":{"file":"6-2-1517x2048.jpg","width":1517,"height":2048,"mime-type":"image\/jpeg","filesize":630229,"url":"https:\/\/ferrerarquitectos.com\/wp-content\/uploads\/6-2-1517x2048.jpg"},"et-pb-post-main-image":{"file":"6-2-400x250.jpg","width":400,"height":250,"mime-type":"image\/jpeg","filesize":61367,"url":"https:\/\/ferrerarquitectos.com\/wp-content\/uploads\/6-2-400x250.jpg"},"et-pb-post-main-image-fullwidth":{"file":"6-2-1080x675.jpg","width":1080,"height":675,"mime-type":"image\/jpeg","filesize":191759,"url":"https:\/\/ferrerarquitectos.com\/wp-content\/uploads\/6-2-1080x675.jpg"},"et-pb-portfolio-image":{"file":"6-2-400x284.jpg","width":400,"height":284,"mime-type":"image\/jpeg","filesize":65010,"url":"https:\/\/ferrerarquitectos.com\/wp-content\/uploads\/6-2-400x284.jpg"},"et-pb-portfolio-module-image":{"file":"6-2-510x382.jpg","width":510,"height":382,"mime-type":"image\/jpeg","filesize":84994,"url":"https:\/\/ferrerarquitectos.com\/wp-content\/uploads\/6-2-510x382.jpg"},"et-pb-portfolio-image-single":{"file":"6-2-1080x1458.jpg","width":1080,"height":1458,"mime-type":"image\/jpeg","filesize":363762,"url":"https:\/\/ferrerarquitectos.com\/wp-content\/uploads\/6-2-1080x1458.jpg"},"et-pb-gallery-module-image-portrait":{"file":"6-2-400x516.jpg","width":400,"height":516,"mime-type":"image\/jpeg","filesize":89917,"url":"https:\/\/ferrerarquitectos.com\/wp-content\/uploads\/6-2-400x516.jpg"},"et-pb-post-main-image-fullwidth-large":{"file":"6-2-2880x1800.jpg","width":2880,"height":1800,"mime-type":"image\/jpeg","filesize":929860,"url":"https:\/\/ferrerarquitectos.com\/wp-content\/uploads\/6-2-2880x1800.jpg"}},"image_meta":{"aperture":"0","credit":"BIS Images","camera":"Aptus 75","caption":"Nuevo centro de salud en Almer\u00eda.","created_timestamp":"1335398400","copyright":"www.davidfrutos.com","focal_length":"0","iso":"50","shutter_speed":"0","title":"FERRER ARQUITECTOS","orientation":"1","keywords":["BIS","DAVID FRUTOS","FERRER ARQUITECTOS","HORMIG\u00d3N","CEMENTO","CRISTAL","ESPINARDO","ALMER\u00cdA","SERVICIO ANDALUZ DE SALUD","ALUMINIO","MARMOL","ANDALUC\u00cdA","BUILT IN SPAIN"]},"original_image":"6-2.jpg","ID":"123243","name":"6-2-scaled.jpg","path":"\/var\/www\/vhosts\/ferrerarquitectos.com\/httpdocs\/wp-content\/uploads\/6-2-scaled.jpg","url":"https:\/\/ferrerarquitectos.com\/wp-content\/uploads\/6-2-150x150.jpg","full_url":"https:\/\/ferrerarquitectos.com\/wp-content\/uploads\/6-2-scaled.jpg","title":"Centro de Salud Mediterr\u00e1neo Norte 1","caption":"Nuevo centro de salud en Almer\u00eda.","description":"","alt":"","srcset":false},{"width":150,"height":150,"file":"65-titulo-1_721020.jpg","sizes":{"thumbnail":{"file":"65-titulo-1_721020-150x150.jpg","width":150,"height":150,"mime-type":"image\/jpeg","url":"https:\/\/ferrerarquitectos.com\/wp-content\/uploads\/65-titulo-1_721020-150x150.jpg"},"medium":{"file":"65-titulo-1_721020-300x157.jpg","width":300,"height":157,"mime-type":"image\/jpeg","url":"https:\/\/ferrerarquitectos.com\/wp-content\/uploads\/65-titulo-1_721020-300x157.jpg"},"medium_large":{"file":"65-titulo-1_721020-768x403.jpg","width":768,"height":403,"mime-type":"image\/jpeg","url":"https:\/\/ferrerarquitectos.com\/wp-content\/uploads\/65-titulo-1_721020-768x403.jpg"},"et-pb-post-main-image":{"file":"65-titulo-1_721020-400x250.jpg","width":400,"height":250,"mime-type":"image\/jpeg","url":"https:\/\/ferrerarquitectos.com\/wp-content\/uploads\/65-titulo-1_721020-400x250.jpg"},"et-pb-portfolio-image":{"file":"65-titulo-1_721020-400x284.jpg","width":400,"height":284,"mime-type":"image\/jpeg","url":"https:\/\/ferrerarquitectos.com\/wp-content\/uploads\/65-titulo-1_721020-400x284.jpg"},"et-pb-portfolio-module-image":{"file":"65-titulo-1_721020-510x382.jpg","width":510,"height":382,"mime-type":"image\/jpeg","url":"https:\/\/ferrerarquitectos.com\/wp-content\/uploads\/65-titulo-1_721020-510x382.jpg"}},"image_meta":{"aperture":"0","credit":"","camera":"","caption":"","created_timestamp":"0","copyright":"","focal_length":"0","iso":"0","shutter_speed":"0","title":"","orientation":"0","keywords":[]},"ID":"117029","name":"65-titulo-1_721020.jpg","path":"\/var\/www\/vhosts\/ferrerarquitectos.com\/httpdocs\/wp-content\/uploads\/65-titulo-1_721020.jpg","url":"https:\/\/ferrerarquitectos.com\/wp-content\/uploads\/65-titulo-1_721020-150x150.jpg","full_url":"https:\/\/ferrerarquitectos.com\/wp-content\/uploads\/65-titulo-1_721020.jpg","title":"65-titulo-1_721020","caption":"","description":"","alt":"","srcset":false},{"width":150,"height":150,"file":"Centro-de-Salud-Mediterraneo-Norte-6-scaled.jpg","filesize":630602,"sizes":{"medium":{"file":"Centro-de-Salud-Mediterraneo-Norte-6-228x300.jpg","width":228,"height":300,"mime-type":"image\/jpeg","filesize":42378,"url":"https:\/\/ferrerarquitectos.com\/wp-content\/uploads\/Centro-de-Salud-Mediterraneo-Norte-6-228x300.jpg"},"large":{"file":"Centro-de-Salud-Mediterraneo-Norte-6-780x1024.jpg","width":780,"height":1024,"mime-type":"image\/jpeg","filesize":149494,"url":"https:\/\/ferrerarquitectos.com\/wp-content\/uploads\/Centro-de-Salud-Mediterraneo-Norte-6-780x1024.jpg"},"thumbnail":{"file":"Centro-de-Salud-Mediterraneo-Norte-6-150x150.jpg","width":150,"height":150,"mime-type":"image\/jpeg","filesize":32928,"url":"https:\/\/ferrerarquitectos.com\/wp-content\/uploads\/Centro-de-Salud-Mediterraneo-Norte-6-150x150.jpg"},"medium_large":{"file":"Centro-de-Salud-Mediterraneo-Norte-6-768x1009.jpg","width":768,"height":1009,"mime-type":"image\/jpeg","filesize":146671,"url":"https:\/\/ferrerarquitectos.com\/wp-content\/uploads\/Centro-de-Salud-Mediterraneo-Norte-6-768x1009.jpg"},"1536x1536":{"file":"Centro-de-Salud-Mediterraneo-Norte-6-1170x1536.jpg","width":1170,"height":1536,"mime-type":"image\/jpeg","filesize":270965,"url":"https:\/\/ferrerarquitectos.com\/wp-content\/uploads\/Centro-de-Salud-Mediterraneo-Norte-6-1170x1536.jpg"},"2048x2048":{"file":"Centro-de-Salud-Mediterraneo-Norte-6-1560x2048.jpg","width":1560,"height":2048,"mime-type":"image\/jpeg","filesize":427636,"url":"https:\/\/ferrerarquitectos.com\/wp-content\/uploads\/Centro-de-Salud-Mediterraneo-Norte-6-1560x2048.jpg"},"et-pb-post-main-image":{"file":"Centro-de-Salud-Mediterraneo-Norte-6-400x250.jpg","width":400,"height":250,"mime-type":"image\/jpeg","filesize":46461,"url":"https:\/\/ferrerarquitectos.com\/wp-content\/uploads\/Centro-de-Salud-Mediterraneo-Norte-6-400x250.jpg"},"et-pb-post-main-image-fullwidth":{"file":"Centro-de-Salud-Mediterraneo-Norte-6-1080x675.jpg","width":1080,"height":675,"mime-type":"image\/jpeg","filesize":121925,"url":"https:\/\/ferrerarquitectos.com\/wp-content\/uploads\/Centro-de-Salud-Mediterraneo-Norte-6-1080x675.jpg"},"et-pb-portfolio-image":{"file":"Centro-de-Salud-Mediterraneo-Norte-6-400x284.jpg","width":400,"height":284,"mime-type":"image\/jpeg","filesize":49177,"url":"https:\/\/ferrerarquitectos.com\/wp-content\/uploads\/Centro-de-Salud-Mediterraneo-Norte-6-400x284.jpg"},"et-pb-portfolio-module-image":{"file":"Centro-de-Salud-Mediterraneo-Norte-6-510x382.jpg","width":510,"height":382,"mime-type":"image\/jpeg","filesize":61805,"url":"https:\/\/ferrerarquitectos.com\/wp-content\/uploads\/Centro-de-Salud-Mediterraneo-Norte-6-510x382.jpg"},"et-pb-portfolio-image-single":{"file":"Centro-de-Salud-Mediterraneo-Norte-6-1080x1418.jpg","width":1080,"height":1418,"mime-type":"image\/jpeg","filesize":239783,"url":"https:\/\/ferrerarquitectos.com\/wp-content\/uploads\/Centro-de-Salud-Mediterraneo-Norte-6-1080x1418.jpg"},"et-pb-gallery-module-image-portrait":{"file":"Centro-de-Salud-Mediterraneo-Norte-6-400x516.jpg","width":400,"height":516,"mime-type":"image\/jpeg","filesize":66326,"url":"https:\/\/ferrerarquitectos.com\/wp-content\/uploads\/Centro-de-Salud-Mediterraneo-Norte-6-400x516.jpg"},"et-pb-post-main-image-fullwidth-large":{"file":"Centro-de-Salud-Mediterraneo-Norte-6-2880x1800.jpg","width":2880,"height":1800,"mime-type":"image\/jpeg","filesize":515420,"url":"https:\/\/ferrerarquitectos.com\/wp-content\/uploads\/Centro-de-Salud-Mediterraneo-Norte-6-2880x1800.jpg"}},"image_meta":{"aperture":"0","credit":"BIS Images","camera":"Aptus 75","caption":"Nuevo centro de salud en Almer\u00eda.","created_timestamp":"1335398400","copyright":"www.davidfrutos.com","focal_length":"0","iso":"50","shutter_speed":"0","title":"FERRER ARQUITECTOS","orientation":"1","keywords":["BIS","DAVID FRUTOS","FERRER ARQUITECTOS","HORMIG\u00d3N","CEMENTO","CRISTAL","ESPINARDO","ALMER\u00cdA","SERVICIO ANDALUZ DE SALUD","ALUMINIO","MARMOL","ANDALUC\u00cdA","BUILT IN SPAIN"]},"original_image":"Centro-de-Salud-Mediterraneo-Norte-6.jpg","ID":"124871","name":"Centro-de-Salud-Mediterraneo-Norte-6-scaled.jpg","path":"\/var\/www\/vhosts\/ferrerarquitectos.com\/httpdocs\/wp-content\/uploads\/Centro-de-Salud-Mediterraneo-Norte-6-scaled.jpg","url":"https:\/\/ferrerarquitectos.com\/wp-content\/uploads\/Centro-de-Salud-Mediterraneo-Norte-6-150x150.jpg","full_url":"https:\/\/ferrerarquitectos.com\/wp-content\/uploads\/Centro-de-Salud-Mediterraneo-Norte-6-scaled.jpg","title":"Centro de Salud Mediterraneo Norte 4","caption":"Nuevo centro de salud en Almer\u00eda.","description":"Centro de Salud Mediterraneo Norte 4","alt":"","srcset":false},{"width":150,"height":150,"file":"12-scaled.jpg","filesize":374185,"sizes":{"medium":{"file":"12-300x130.jpg","width":300,"height":130,"mime-type":"image\/jpeg","filesize":34417,"url":"https:\/\/ferrerarquitectos.com\/wp-content\/uploads\/12-300x130.jpg"},"large":{"file":"12-1024x445.jpg","width":1024,"height":445,"mime-type":"image\/jpeg","filesize":100816,"url":"https:\/\/ferrerarquitectos.com\/wp-content\/uploads\/12-1024x445.jpg"},"thumbnail":{"file":"12-150x150.jpg","width":150,"height":150,"mime-type":"image\/jpeg","filesize":29181,"url":"https:\/\/ferrerarquitectos.com\/wp-content\/uploads\/12-150x150.jpg"},"medium_large":{"file":"12-768x333.jpg","width":768,"height":333,"mime-type":"image\/jpeg","filesize":72009,"url":"https:\/\/ferrerarquitectos.com\/wp-content\/uploads\/12-768x333.jpg"},"1536x1536":{"file":"12-1536x667.jpg","width":1536,"height":667,"mime-type":"image\/jpeg","filesize":173527,"url":"https:\/\/ferrerarquitectos.com\/wp-content\/uploads\/12-1536x667.jpg"},"2048x2048":{"file":"12-2048x889.jpg","width":2048,"height":889,"mime-type":"image\/jpeg","filesize":265941,"url":"https:\/\/ferrerarquitectos.com\/wp-content\/uploads\/12-2048x889.jpg"},"et-pb-post-main-image":{"file":"12-400x250.jpg","width":400,"height":250,"mime-type":"image\/jpeg","filesize":43966,"url":"https:\/\/ferrerarquitectos.com\/wp-content\/uploads\/12-400x250.jpg"},"et-pb-post-main-image-fullwidth":{"file":"12-1080x675.jpg","width":1080,"height":675,"mime-type":"image\/jpeg","filesize":126956,"url":"https:\/\/ferrerarquitectos.com\/wp-content\/uploads\/12-1080x675.jpg"},"et-pb-portfolio-image":{"file":"12-400x284.jpg","width":400,"height":284,"mime-type":"image\/jpeg","filesize":45191,"url":"https:\/\/ferrerarquitectos.com\/wp-content\/uploads\/12-400x284.jpg"},"et-pb-portfolio-module-image":{"file":"12-510x382.jpg","width":510,"height":382,"mime-type":"image\/jpeg","filesize":56523,"url":"https:\/\/ferrerarquitectos.com\/wp-content\/uploads\/12-510x382.jpg"},"et-pb-portfolio-image-single":{"file":"12-1080x469.jpg","width":1080,"height":469,"mime-type":"image\/jpeg","filesize":108831,"url":"https:\/\/ferrerarquitectos.com\/wp-content\/uploads\/12-1080x469.jpg"},"et-pb-gallery-module-image-portrait":{"file":"12-400x516.jpg","width":400,"height":516,"mime-type":"image\/jpeg","filesize":54593,"url":"https:\/\/ferrerarquitectos.com\/wp-content\/uploads\/12-400x516.jpg"},"et-pb-post-main-image-fullwidth-large":{"file":"12-2880x1800.jpg","width":2880,"height":1800,"mime-type":"image\/jpeg","filesize":570590,"url":"https:\/\/ferrerarquitectos.com\/wp-content\/uploads\/12-2880x1800.jpg"}},"image_meta":{"aperture":"0","credit":"BIS Images","camera":"","caption":"Nuevo centro de salud en Almer\u00eda.","created_timestamp":"1335398400","copyright":"All rights reserved","focal_length":"0","iso":"0","shutter_speed":"0","title":"FERRER ARQUITECTOS","orientation":"1","keywords":["BIS","DAVID FRUTOS","FERRER ARQUITECTOS","HORMIG\u00d3N","CEMENTO","CRISTAL","ESPINARDO","ALMER\u00cdA","SERVICIO ANDALUZ DE SALUD","ALUMINIO","MARMOL","ANDALUC\u00cdA","BUILT IN SPAIN"]},"original_image":"12.jpg","ID":"123245","name":"12-scaled.jpg","path":"\/var\/www\/vhosts\/ferrerarquitectos.com\/httpdocs\/wp-content\/uploads\/12-scaled.jpg","url":"https:\/\/ferrerarquitectos.com\/wp-content\/uploads\/12-150x150.jpg","full_url":"https:\/\/ferrerarquitectos.com\/wp-content\/uploads\/12-scaled.jpg","title":"Centro de Salud Mediterr\u00e1neo Norte 3","caption":"Nuevo centro de salud en Almer\u00eda.","description":"Centro de Salud Mediterr\u00e1neo Norte 3","alt":"","srcset":false},{"width":150,"height":150,"file":"14-scaled.jpg","filesize":510794,"sizes":{"medium":{"file":"14-300x187.jpg","width":300,"height":187,"mime-type":"image\/jpeg","filesize":36780,"url":"https:\/\/ferrerarquitectos.com\/wp-content\/uploads\/14-300x187.jpg"},"large":{"file":"14-1024x640.jpg","width":1024,"height":640,"mime-type":"image\/jpeg","filesize":120334,"url":"https:\/\/ferrerarquitectos.com\/wp-content\/uploads\/14-1024x640.jpg"},"thumbnail":{"file":"14-150x150.jpg","width":150,"height":150,"mime-type":"image\/jpeg","filesize":29825,"url":"https:\/\/ferrerarquitectos.com\/wp-content\/uploads\/14-150x150.jpg"},"medium_large":{"file":"14-768x480.jpg","width":768,"height":480,"mime-type":"image\/jpeg","filesize":83045,"url":"https:\/\/ferrerarquitectos.com\/wp-content\/uploads\/14-768x480.jpg"},"1536x1536":{"file":"14-1536x959.jpg","width":1536,"height":959,"mime-type":"image\/jpeg","filesize":217574,"url":"https:\/\/ferrerarquitectos.com\/wp-content\/uploads\/14-1536x959.jpg"},"2048x2048":{"file":"14-2048x1279.jpg","width":2048,"height":1279,"mime-type":"image\/jpeg","filesize":348809,"url":"https:\/\/ferrerarquitectos.com\/wp-content\/uploads\/14-2048x1279.jpg"},"et-pb-post-main-image":{"file":"14-400x250.jpg","width":400,"height":250,"mime-type":"image\/jpeg","filesize":44413,"url":"https:\/\/ferrerarquitectos.com\/wp-content\/uploads\/14-400x250.jpg"},"et-pb-post-main-image-fullwidth":{"file":"14-1080x675.jpg","width":1080,"height":675,"mime-type":"image\/jpeg","filesize":130545,"url":"https:\/\/ferrerarquitectos.com\/wp-content\/uploads\/14-1080x675.jpg"},"et-pb-portfolio-image":{"file":"14-400x284.jpg","width":400,"height":284,"mime-type":"image\/jpeg","filesize":45380,"url":"https:\/\/ferrerarquitectos.com\/wp-content\/uploads\/14-400x284.jpg"},"et-pb-portfolio-module-image":{"file":"14-510x382.jpg","width":510,"height":382,"mime-type":"image\/jpeg","filesize":56854,"url":"https:\/\/ferrerarquitectos.com\/wp-content\/uploads\/14-510x382.jpg"},"et-pb-portfolio-image-single":{"file":"14-1080x675.jpg","width":1080,"height":675,"mime-type":"image\/jpeg","filesize":130673,"url":"https:\/\/ferrerarquitectos.com\/wp-content\/uploads\/14-1080x675.jpg"},"et-pb-gallery-module-image-portrait":{"file":"14-400x516.jpg","width":400,"height":516,"mime-type":"image\/jpeg","filesize":53335,"url":"https:\/\/ferrerarquitectos.com\/wp-content\/uploads\/14-400x516.jpg"},"et-pb-post-main-image-fullwidth-large":{"file":"14-2880x1800.jpg","width":2880,"height":1800,"mime-type":"image\/jpeg","filesize":628726,"url":"https:\/\/ferrerarquitectos.com\/wp-content\/uploads\/14-2880x1800.jpg"}},"image_meta":{"aperture":"0","credit":"BIS Images","camera":"","caption":"Nuevo centro de salud en Almer\u00eda.","created_timestamp":"1335398400","copyright":"All rights reserved","focal_length":"0","iso":"0","shutter_speed":"0","title":"FERRER ARQUITECTOS","orientation":"1","keywords":["BIS","DAVID FRUTOS","FERRER ARQUITECTOS","HORMIG\u00d3N","CEMENTO","CRISTAL","ESPINARDO","ALMER\u00cdA","SERVICIO ANDALUZ DE SALUD","ALUMINIO","MARMOL","ANDALUC\u00cdA","BUILT IN SPAIN"]},"original_image":"14.jpg","ID":"123246","name":"14-scaled.jpg","path":"\/var\/www\/vhosts\/ferrerarquitectos.com\/httpdocs\/wp-content\/uploads\/14-scaled.jpg","url":"https:\/\/ferrerarquitectos.com\/wp-content\/uploads\/14-150x150.jpg","full_url":"https:\/\/ferrerarquitectos.com\/wp-content\/uploads\/14-scaled.jpg","title":"Centro de Salud Mediterr\u00e1neo Norte 4","caption":"Nuevo centro de salud en Almer\u00eda.","description":"Centro de Salud Mediterr\u00e1neo Norte 4","alt":"","srcset":false},{"width":150,"height":150,"file":"Foto-portada-scaled.jpg","filesize":787455,"sizes":{"medium":{"file":"Foto-portada-267x300.jpg","width":267,"height":300,"mime-type":"image\/jpeg","filesize":40787,"url":"https:\/\/ferrerarquitectos.com\/wp-content\/uploads\/Foto-portada-267x300.jpg"},"large":{"file":"Foto-portada-911x1024.jpg","width":911,"height":1024,"mime-type":"image\/jpeg","filesize":155560,"url":"https:\/\/ferrerarquitectos.com\/wp-content\/uploads\/Foto-portada-911x1024.jpg"},"thumbnail":{"file":"Foto-portada-150x150.jpg","width":150,"height":150,"mime-type":"image\/jpeg","filesize":31370,"url":"https:\/\/ferrerarquitectos.com\/wp-content\/uploads\/Foto-portada-150x150.jpg"},"medium_large":{"file":"Foto-portada-768x863.jpg","width":768,"height":863,"mime-type":"image\/jpeg","filesize":120571,"url":"https:\/\/ferrerarquitectos.com\/wp-content\/uploads\/Foto-portada-768x863.jpg"},"1536x1536":{"file":"Foto-portada-1367x1536.jpg","width":1367,"height":1536,"mime-type":"image\/jpeg","filesize":307156,"url":"https:\/\/ferrerarquitectos.com\/wp-content\/uploads\/Foto-portada-1367x1536.jpg"},"2048x2048":{"file":"Foto-portada-1823x2048.jpg","width":1823,"height":2048,"mime-type":"image\/jpeg","filesize":519211,"url":"https:\/\/ferrerarquitectos.com\/wp-content\/uploads\/Foto-portada-1823x2048.jpg"},"et-pb-post-main-image":{"file":"Foto-portada-400x250.jpg","width":400,"height":250,"mime-type":"image\/jpeg","filesize":46484,"url":"https:\/\/ferrerarquitectos.com\/wp-content\/uploads\/Foto-portada-400x250.jpg"},"et-pb-post-main-image-fullwidth":{"file":"Foto-portada-1080x675.jpg","width":1080,"height":675,"mime-type":"image\/jpeg","filesize":146292,"url":"https:\/\/ferrerarquitectos.com\/wp-content\/uploads\/Foto-portada-1080x675.jpg"},"et-pb-portfolio-image":{"file":"Foto-portada-400x284.jpg","width":400,"height":284,"mime-type":"image\/jpeg","filesize":48731,"url":"https:\/\/ferrerarquitectos.com\/wp-content\/uploads\/Foto-portada-400x284.jpg"},"et-pb-portfolio-module-image":{"file":"Foto-portada-510x382.jpg","width":510,"height":382,"mime-type":"image\/jpeg","filesize":61995,"url":"https:\/\/ferrerarquitectos.com\/wp-content\/uploads\/Foto-portada-510x382.jpg"},"et-pb-portfolio-image-single":{"file":"Foto-portada-1080x1214.jpg","width":1080,"height":1214,"mime-type":"image\/jpeg","filesize":205446,"url":"https:\/\/ferrerarquitectos.com\/wp-content\/uploads\/Foto-portada-1080x1214.jpg"},"et-pb-gallery-module-image-portrait":{"file":"Foto-portada-400x516.jpg","width":400,"height":516,"mime-type":"image\/jpeg","filesize":59918,"url":"https:\/\/ferrerarquitectos.com\/wp-content\/uploads\/Foto-portada-400x516.jpg"},"et-pb-post-main-image-fullwidth-large":{"file":"Foto-portada-2880x1800.jpg","width":2880,"height":1800,"mime-type":"image\/jpeg","filesize":707600,"url":"https:\/\/ferrerarquitectos.com\/wp-content\/uploads\/Foto-portada-2880x1800.jpg"}},"image_meta":{"aperture":"0","credit":"BIS Images","camera":"Aptus 75","caption":"Nuevo centro de salud en Almer\u00eda.","created_timestamp":"1335398400","copyright":"www.davidfrutos.com","focal_length":"0","iso":"50","shutter_speed":"0","title":"FERRER ARQUITECTOS","orientation":"1","keywords":["BIS","DAVID FRUTOS","FERRER ARQUITECTOS","HORMIG\u00d3N","CEMENTO","CRISTAL","ESPINARDO","ALMER\u00cdA","SERVICIO ANDALUZ DE SALUD","ALUMINIO","MARMOL","ANDALUC\u00cdA","BUILT IN SPAIN"]},"original_image":"Foto-portada.jpg","ID":"124876","name":"Foto-portada-scaled.jpg","path":"\/var\/www\/vhosts\/ferrerarquitectos.com\/httpdocs\/wp-content\/uploads\/Foto-portada-scaled.jpg","url":"https:\/\/ferrerarquitectos.com\/wp-content\/uploads\/Foto-portada-150x150.jpg","full_url":"https:\/\/ferrerarquitectos.com\/wp-content\/uploads\/Foto-portada-scaled.jpg","title":"Centro de Salud Mediterraneo Norte 9","caption":"Nuevo centro de salud en Almer\u00eda.","description":"Centro de Salud Mediterraneo Norte 9","alt":"","srcset":false},{"width":150,"height":150,"file":"Centro-de-Salud-Mediterraneo-Norte-9-scaled.jpg","filesize":799998,"sizes":{"medium":{"file":"Centro-de-Salud-Mediterraneo-Norte-9-300x285.jpg","width":300,"height":285,"mime-type":"image\/jpeg","filesize":40340,"url":"https:\/\/ferrerarquitectos.com\/wp-content\/uploads\/Centro-de-Salud-Mediterraneo-Norte-9-300x285.jpg"},"large":{"file":"Centro-de-Salud-Mediterraneo-Norte-9-1024x973.jpg","width":1024,"height":973,"mime-type":"image\/jpeg","filesize":154099,"url":"https:\/\/ferrerarquitectos.com\/wp-content\/uploads\/Centro-de-Salud-Mediterraneo-Norte-9-1024x973.jpg"},"thumbnail":{"file":"Centro-de-Salud-Mediterraneo-Norte-9-150x150.jpg","width":150,"height":150,"mime-type":"image\/jpeg","filesize":30067,"url":"https:\/\/ferrerarquitectos.com\/wp-content\/uploads\/Centro-de-Salud-Mediterraneo-Norte-9-150x150.jpg"},"medium_large":{"file":"Centro-de-Salud-Mediterraneo-Norte-9-768x730.jpg","width":768,"height":730,"mime-type":"image\/jpeg","filesize":99785,"url":"https:\/\/ferrerarquitectos.com\/wp-content\/uploads\/Centro-de-Salud-Mediterraneo-Norte-9-768x730.jpg"},"1536x1536":{"file":"Centro-de-Salud-Mediterraneo-Norte-9-1536x1460.jpg","width":1536,"height":1460,"mime-type":"image\/jpeg","filesize":308613,"url":"https:\/\/ferrerarquitectos.com\/wp-content\/uploads\/Centro-de-Salud-Mediterraneo-Norte-9-1536x1460.jpg"},"2048x2048":{"file":"Centro-de-Salud-Mediterraneo-Norte-9-2048x1947.jpg","width":2048,"height":1947,"mime-type":"image\/jpeg","filesize":526474,"url":"https:\/\/ferrerarquitectos.com\/wp-content\/uploads\/Centro-de-Salud-Mediterraneo-Norte-9-2048x1947.jpg"},"et-pb-post-main-image":{"file":"Centro-de-Salud-Mediterraneo-Norte-9-400x250.jpg","width":400,"height":250,"mime-type":"image\/jpeg","filesize":43854,"url":"https:\/\/ferrerarquitectos.com\/wp-content\/uploads\/Centro-de-Salud-Mediterraneo-Norte-9-400x250.jpg"},"et-pb-post-main-image-fullwidth":{"file":"Centro-de-Salud-Mediterraneo-Norte-9-1080x675.jpg","width":1080,"height":675,"mime-type":"image\/jpeg","filesize":125029,"url":"https:\/\/ferrerarquitectos.com\/wp-content\/uploads\/Centro-de-Salud-Mediterraneo-Norte-9-1080x675.jpg"},"et-pb-portfolio-image":{"file":"Centro-de-Salud-Mediterraneo-Norte-9-400x284.jpg","width":400,"height":284,"mime-type":"image\/jpeg","filesize":45478,"url":"https:\/\/ferrerarquitectos.com\/wp-content\/uploads\/Centro-de-Salud-Mediterraneo-Norte-9-400x284.jpg"},"et-pb-portfolio-module-image":{"file":"Centro-de-Salud-Mediterraneo-Norte-9-510x382.jpg","width":510,"height":382,"mime-type":"image\/jpeg","filesize":56915,"url":"https:\/\/ferrerarquitectos.com\/wp-content\/uploads\/Centro-de-Salud-Mediterraneo-Norte-9-510x382.jpg"},"et-pb-portfolio-image-single":{"file":"Centro-de-Salud-Mediterraneo-Norte-9-1080x1027.jpg","width":1080,"height":1027,"mime-type":"image\/jpeg","filesize":168095,"url":"https:\/\/ferrerarquitectos.com\/wp-content\/uploads\/Centro-de-Salud-Mediterraneo-Norte-9-1080x1027.jpg"},"et-pb-gallery-module-image-portrait":{"file":"Centro-de-Salud-Mediterraneo-Norte-9-400x516.jpg","width":400,"height":516,"mime-type":"image\/jpeg","filesize":55427,"url":"https:\/\/ferrerarquitectos.com\/wp-content\/uploads\/Centro-de-Salud-Mediterraneo-Norte-9-400x516.jpg"},"et-pb-post-main-image-fullwidth-large":{"file":"Centro-de-Salud-Mediterraneo-Norte-9-2880x1800.jpg","width":2880,"height":1800,"mime-type":"image\/jpeg","filesize":637738,"url":"https:\/\/ferrerarquitectos.com\/wp-content\/uploads\/Centro-de-Salud-Mediterraneo-Norte-9-2880x1800.jpg"}},"image_meta":{"aperture":"0","credit":"BIS Images","camera":"","caption":"Nuevo centro de salud en Almer\u00eda.","created_timestamp":"1335398400","copyright":"All rights reserved","focal_length":"0","iso":"0","shutter_speed":"0","title":"FERRER ARQUITECTOS","orientation":"1","keywords":["BIS","DAVID FRUTOS","FERRER ARQUITECTOS","HORMIG\u00d3N","CEMENTO","CRISTAL","ESPINARDO","ALMER\u00cdA","SERVICIO ANDALUZ DE SALUD","ALUMINIO","MARMOL","ANDALUC\u00cdA","BUILT IN SPAIN"]},"original_image":"Centro-de-Salud-Mediterraneo-Norte-9.jpg","ID":"124874","name":"Centro-de-Salud-Mediterraneo-Norte-9-scaled.jpg","path":"\/var\/www\/vhosts\/ferrerarquitectos.com\/httpdocs\/wp-content\/uploads\/Centro-de-Salud-Mediterraneo-Norte-9-scaled.jpg","url":"https:\/\/ferrerarquitectos.com\/wp-content\/uploads\/Centro-de-Salud-Mediterraneo-Norte-9-150x150.jpg","full_url":"https:\/\/ferrerarquitectos.com\/wp-content\/uploads\/Centro-de-Salud-Mediterraneo-Norte-9-scaled.jpg","title":"Centro de Salud Mediterraneo Norte 7","caption":"Nuevo centro de salud en Almer\u00eda.","description":"Centro de Salud Mediterraneo Norte 7","alt":"","srcset":false},{"width":150,"height":150,"file":"Centro-de-Salud-Mediterraneo-Norte-10-scaled.jpg","filesize":431238,"sizes":{"medium":{"file":"Centro-de-Salud-Mediterraneo-Norte-10-300x150.jpg","width":300,"height":150,"mime-type":"image\/jpeg","filesize":27308,"url":"https:\/\/ferrerarquitectos.com\/wp-content\/uploads\/Centro-de-Salud-Mediterraneo-Norte-10-300x150.jpg"},"large":{"file":"Centro-de-Salud-Mediterraneo-Norte-10-1024x512.jpg","width":1024,"height":512,"mime-type":"image\/jpeg","filesize":105230,"url":"https:\/\/ferrerarquitectos.com\/wp-content\/uploads\/Centro-de-Salud-Mediterraneo-Norte-10-1024x512.jpg"},"thumbnail":{"file":"Centro-de-Salud-Mediterraneo-Norte-10-150x150.jpg","width":150,"height":150,"mime-type":"image\/jpeg","filesize":22108,"url":"https:\/\/ferrerarquitectos.com\/wp-content\/uploads\/Centro-de-Salud-Mediterraneo-Norte-10-150x150.jpg"},"medium_large":{"file":"Centro-de-Salud-Mediterraneo-Norte-10-768x384.jpg","width":768,"height":384,"mime-type":"image\/jpeg","filesize":71245,"url":"https:\/\/ferrerarquitectos.com\/wp-content\/uploads\/Centro-de-Salud-Mediterraneo-Norte-10-768x384.jpg"},"1536x1536":{"file":"Centro-de-Salud-Mediterraneo-Norte-10-1536x769.jpg","width":1536,"height":769,"mime-type":"image\/jpeg","filesize":193177,"url":"https:\/\/ferrerarquitectos.com\/wp-content\/uploads\/Centro-de-Salud-Mediterraneo-Norte-10-1536x769.jpg"},"2048x2048":{"file":"Centro-de-Salud-Mediterraneo-Norte-10-2048x1025.jpg","width":2048,"height":1025,"mime-type":"image\/jpeg","filesize":302888,"url":"https:\/\/ferrerarquitectos.com\/wp-content\/uploads\/Centro-de-Salud-Mediterraneo-Norte-10-2048x1025.jpg"},"et-pb-post-main-image":{"file":"Centro-de-Salud-Mediterraneo-Norte-10-400x250.jpg","width":400,"height":250,"mime-type":"image\/jpeg","filesize":38429,"url":"https:\/\/ferrerarquitectos.com\/wp-content\/uploads\/Centro-de-Salud-Mediterraneo-Norte-10-400x250.jpg"},"et-pb-post-main-image-fullwidth":{"file":"Centro-de-Salud-Mediterraneo-Norte-10-1080x675.jpg","width":1080,"height":675,"mime-type":"image\/jpeg","filesize":136280,"url":"https:\/\/ferrerarquitectos.com\/wp-content\/uploads\/Centro-de-Salud-Mediterraneo-Norte-10-1080x675.jpg"},"et-pb-portfolio-image":{"file":"Centro-de-Salud-Mediterraneo-Norte-10-400x284.jpg","width":400,"height":284,"mime-type":"image\/jpeg","filesize":41114,"url":"https:\/\/ferrerarquitectos.com\/wp-content\/uploads\/Centro-de-Salud-Mediterraneo-Norte-10-400x284.jpg"},"et-pb-portfolio-module-image":{"file":"Centro-de-Salud-Mediterraneo-Norte-10-510x382.jpg","width":510,"height":382,"mime-type":"image\/jpeg","filesize":55653,"url":"https:\/\/ferrerarquitectos.com\/wp-content\/uploads\/Centro-de-Salud-Mediterraneo-Norte-10-510x382.jpg"},"et-pb-portfolio-image-single":{"file":"Centro-de-Salud-Mediterraneo-Norte-10-1080x540.jpg","width":1080,"height":540,"mime-type":"image\/jpeg","filesize":114366,"url":"https:\/\/ferrerarquitectos.com\/wp-content\/uploads\/Centro-de-Salud-Mediterraneo-Norte-10-1080x540.jpg"},"et-pb-gallery-module-image-portrait":{"file":"Centro-de-Salud-Mediterraneo-Norte-10-400x516.jpg","width":400,"height":516,"mime-type":"image\/jpeg","filesize":58290,"url":"https:\/\/ferrerarquitectos.com\/wp-content\/uploads\/Centro-de-Salud-Mediterraneo-Norte-10-400x516.jpg"},"et-pb-post-main-image-fullwidth-large":{"file":"Centro-de-Salud-Mediterraneo-Norte-10-2880x1800.jpg","width":2880,"height":1800,"mime-type":"image\/jpeg","filesize":638690,"url":"https:\/\/ferrerarquitectos.com\/wp-content\/uploads\/Centro-de-Salud-Mediterraneo-Norte-10-2880x1800.jpg"}},"image_meta":{"aperture":"0","credit":"BIS Images","camera":"","caption":"Nuevo centro de salud en Almer\u00eda.","created_timestamp":"1335398400","copyright":"All rights reserved","focal_length":"0","iso":"0","shutter_speed":"0","title":"FERRER ARQUITECTOS","orientation":"1","keywords":["BIS","DAVID FRUTOS","FERRER ARQUITECTOS","HORMIG\u00d3N","CEMENTO","CRISTAL","ESPINARDO","ALMER\u00cdA","SERVICIO ANDALUZ DE SALUD","ALUMINIO","MARMOL","ANDALUC\u00cdA","BUILT IN SPAIN"]},"original_image":"Centro-de-Salud-Mediterraneo-Norte-10.jpg","ID":"124875","name":"Centro-de-Salud-Mediterraneo-Norte-10-scaled.jpg","path":"\/var\/www\/vhosts\/ferrerarquitectos.com\/httpdocs\/wp-content\/uploads\/Centro-de-Salud-Mediterraneo-Norte-10-scaled.jpg","url":"https:\/\/ferrerarquitectos.com\/wp-content\/uploads\/Centro-de-Salud-Mediterraneo-Norte-10-150x150.jpg","full_url":"https:\/\/ferrerarquitectos.com\/wp-content\/uploads\/Centro-de-Salud-Mediterraneo-Norte-10-scaled.jpg","title":"Centro de Salud Mediterraneo Norte 8","caption":"Nuevo centro de salud en Almer\u00eda.","description":"Centro de Salud Mediterraneo Norte 8","alt":"","srcset":false},{"width":150,"height":150,"file":"Centro-de-Salud-Mediterraneo-Norte-2-scaled.jpg","filesize":662891,"sizes":{"medium":{"file":"Centro-de-Salud-Mediterraneo-Norte-2-300x225.jpg","width":300,"height":225,"mime-type":"image\/jpeg","filesize":34683,"url":"https:\/\/ferrerarquitectos.com\/wp-content\/uploads\/Centro-de-Salud-Mediterraneo-Norte-2-300x225.jpg"},"large":{"file":"Centro-de-Salud-Mediterraneo-Norte-2-1024x767.jpg","width":1024,"height":767,"mime-type":"image\/jpeg","filesize":120069,"url":"https:\/\/ferrerarquitectos.com\/wp-content\/uploads\/Centro-de-Salud-Mediterraneo-Norte-2-1024x767.jpg"},"thumbnail":{"file":"Centro-de-Salud-Mediterraneo-Norte-2-150x150.jpg","width":150,"height":150,"mime-type":"image\/jpeg","filesize":28525,"url":"https:\/\/ferrerarquitectos.com\/wp-content\/uploads\/Centro-de-Salud-Mediterraneo-Norte-2-150x150.jpg"},"medium_large":{"file":"Centro-de-Salud-Mediterraneo-Norte-2-768x575.jpg","width":768,"height":575,"mime-type":"image\/jpeg","filesize":78762,"url":"https:\/\/ferrerarquitectos.com\/wp-content\/uploads\/Centro-de-Salud-Mediterraneo-Norte-2-768x575.jpg"},"1536x1536":{"file":"Centro-de-Salud-Mediterraneo-Norte-2-1536x1150.jpg","width":1536,"height":1150,"mime-type":"image\/jpeg","filesize":240752,"url":"https:\/\/ferrerarquitectos.com\/wp-content\/uploads\/Centro-de-Salud-Mediterraneo-Norte-2-1536x1150.jpg"},"2048x2048":{"file":"Centro-de-Salud-Mediterraneo-Norte-2-2048x1533.jpg","width":2048,"height":1533,"mime-type":"image\/jpeg","filesize":420208,"url":"https:\/\/ferrerarquitectos.com\/wp-content\/uploads\/Centro-de-Salud-Mediterraneo-Norte-2-2048x1533.jpg"},"et-pb-post-main-image":{"file":"Centro-de-Salud-Mediterraneo-Norte-2-400x250.jpg","width":400,"height":250,"mime-type":"image\/jpeg","filesize":39238,"url":"https:\/\/ferrerarquitectos.com\/wp-content\/uploads\/Centro-de-Salud-Mediterraneo-Norte-2-400x250.jpg"},"et-pb-post-main-image-fullwidth":{"file":"Centro-de-Salud-Mediterraneo-Norte-2-1080x675.jpg","width":1080,"height":675,"mime-type":"image\/jpeg","filesize":117702,"url":"https:\/\/ferrerarquitectos.com\/wp-content\/uploads\/Centro-de-Salud-Mediterraneo-Norte-2-1080x675.jpg"},"et-pb-portfolio-image":{"file":"Centro-de-Salud-Mediterraneo-Norte-2-400x284.jpg","width":400,"height":284,"mime-type":"image\/jpeg","filesize":40358,"url":"https:\/\/ferrerarquitectos.com\/wp-content\/uploads\/Centro-de-Salud-Mediterraneo-Norte-2-400x284.jpg"},"et-pb-portfolio-module-image":{"file":"Centro-de-Salud-Mediterraneo-Norte-2-510x382.jpg","width":510,"height":382,"mime-type":"image\/jpeg","filesize":49577,"url":"https:\/\/ferrerarquitectos.com\/wp-content\/uploads\/Centro-de-Salud-Mediterraneo-Norte-2-510x382.jpg"},"et-pb-portfolio-image-single":{"file":"Centro-de-Salud-Mediterraneo-Norte-2-1080x809.jpg","width":1080,"height":809,"mime-type":"image\/jpeg","filesize":130944,"url":"https:\/\/ferrerarquitectos.com\/wp-content\/uploads\/Centro-de-Salud-Mediterraneo-Norte-2-1080x809.jpg"},"et-pb-gallery-module-image-portrait":{"file":"Centro-de-Salud-Mediterraneo-Norte-2-400x516.jpg","width":400,"height":516,"mime-type":"image\/jpeg","filesize":52504,"url":"https:\/\/ferrerarquitectos.com\/wp-content\/uploads\/Centro-de-Salud-Mediterraneo-Norte-2-400x516.jpg"},"et-pb-post-main-image-fullwidth-large":{"file":"Centro-de-Salud-Mediterraneo-Norte-2-2880x1800.jpg","width":2880,"height":1800,"mime-type":"image\/jpeg","filesize":713699,"url":"https:\/\/ferrerarquitectos.com\/wp-content\/uploads\/Centro-de-Salud-Mediterraneo-Norte-2-2880x1800.jpg"}},"image_meta":{"aperture":"0","credit":"BIS Images","camera":"Aptus 75","caption":"Nuevo centro de salud en Almer\u00eda.","created_timestamp":"1335398400","copyright":"www.davidfrutos.com","focal_length":"0","iso":"50","shutter_speed":"0","title":"FERRER ARQUITECTOS","orientation":"1","keywords":["BIS","DAVID FRUTOS","FERRER ARQUITECTOS","HORMIG\u00d3N","CEMENTO","CRISTAL","ESPINARDO","ALMER\u00cdA","SERVICIO ANDALUZ DE SALUD","ALUMINIO","MARMOL","ANDALUC\u00cdA","BUILT IN SPAIN"]},"original_image":"Centro-de-Salud-Mediterraneo-Norte-2.jpg","ID":"124868","name":"Centro-de-Salud-Mediterraneo-Norte-2-scaled.jpg","path":"\/var\/www\/vhosts\/ferrerarquitectos.com\/httpdocs\/wp-content\/uploads\/Centro-de-Salud-Mediterraneo-Norte-2-scaled.jpg","url":"https:\/\/ferrerarquitectos.com\/wp-content\/uploads\/Centro-de-Salud-Mediterraneo-Norte-2-150x150.jpg","full_url":"https:\/\/ferrerarquitectos.com\/wp-content\/uploads\/Centro-de-Salud-Mediterraneo-Norte-2-scaled.jpg","title":"Centro de Salud Mediterraneo Norte 1","caption":"Nuevo centro de salud en Almer\u00eda.","description":"Centro de Salud Mediterraneo Norte 1","alt":"","srcset":false},{"width":150,"height":150,"file":"Centro-de-Salud-Mediterraneo-Norte-8-scaled.jpg","filesize":731381,"sizes":{"medium":{"file":"Centro-de-Salud-Mediterraneo-Norte-8-277x300.jpg","width":277,"height":300,"mime-type":"image\/jpeg","filesize":39836,"url":"https:\/\/ferrerarquitectos.com\/wp-content\/uploads\/Centro-de-Salud-Mediterraneo-Norte-8-277x300.jpg"},"large":{"file":"Centro-de-Salud-Mediterraneo-Norte-8-944x1024.jpg","width":944,"height":1024,"mime-type":"image\/jpeg","filesize":153029,"url":"https:\/\/ferrerarquitectos.com\/wp-content\/uploads\/Centro-de-Salud-Mediterraneo-Norte-8-944x1024.jpg"},"thumbnail":{"file":"Centro-de-Salud-Mediterraneo-Norte-8-150x150.jpg","width":150,"height":150,"mime-type":"image\/jpeg","filesize":30249,"url":"https:\/\/ferrerarquitectos.com\/wp-content\/uploads\/Centro-de-Salud-Mediterraneo-Norte-8-150x150.jpg"},"medium_large":{"file":"Centro-de-Salud-Mediterraneo-Norte-8-768x833.jpg","width":768,"height":833,"mime-type":"image\/jpeg","filesize":113243,"url":"https:\/\/ferrerarquitectos.com\/wp-content\/uploads\/Centro-de-Salud-Mediterraneo-Norte-8-768x833.jpg"},"1536x1536":{"file":"Centro-de-Salud-Mediterraneo-Norte-8-1416x1536.jpg","width":1416,"height":1536,"mime-type":"image\/jpeg","filesize":295813,"url":"https:\/\/ferrerarquitectos.com\/wp-content\/uploads\/Centro-de-Salud-Mediterraneo-Norte-8-1416x1536.jpg"},"2048x2048":{"file":"Centro-de-Salud-Mediterraneo-Norte-8-1888x2048.jpg","width":1888,"height":2048,"mime-type":"image\/jpeg","filesize":488988,"url":"https:\/\/ferrerarquitectos.com\/wp-content\/uploads\/Centro-de-Salud-Mediterraneo-Norte-8-1888x2048.jpg"},"et-pb-post-main-image":{"file":"Centro-de-Salud-Mediterraneo-Norte-8-400x250.jpg","width":400,"height":250,"mime-type":"image\/jpeg","filesize":42797,"url":"https:\/\/ferrerarquitectos.com\/wp-content\/uploads\/Centro-de-Salud-Mediterraneo-Norte-8-400x250.jpg"},"et-pb-post-main-image-fullwidth":{"file":"Centro-de-Salud-Mediterraneo-Norte-8-1080x675.jpg","width":1080,"height":675,"mime-type":"image\/jpeg","filesize":123836,"url":"https:\/\/ferrerarquitectos.com\/wp-content\/uploads\/Centro-de-Salud-Mediterraneo-Norte-8-1080x675.jpg"},"et-pb-portfolio-image":{"file":"Centro-de-Salud-Mediterraneo-Norte-8-400x284.jpg","width":400,"height":284,"mime-type":"image\/jpeg","filesize":45110,"url":"https:\/\/ferrerarquitectos.com\/wp-content\/uploads\/Centro-de-Salud-Mediterraneo-Norte-8-400x284.jpg"},"et-pb-portfolio-module-image":{"file":"Centro-de-Salud-Mediterraneo-Norte-8-510x382.jpg","width":510,"height":382,"mime-type":"image\/jpeg","filesize":57079,"url":"https:\/\/ferrerarquitectos.com\/wp-content\/uploads\/Centro-de-Salud-Mediterraneo-Norte-8-510x382.jpg"},"et-pb-portfolio-image-single":{"file":"Centro-de-Salud-Mediterraneo-Norte-8-1080x1172.jpg","width":1080,"height":1172,"mime-type":"image\/jpeg","filesize":189705,"url":"https:\/\/ferrerarquitectos.com\/wp-content\/uploads\/Centro-de-Salud-Mediterraneo-Norte-8-1080x1172.jpg"},"et-pb-gallery-module-image-portrait":{"file":"Centro-de-Salud-Mediterraneo-Norte-8-400x516.jpg","width":400,"height":516,"mime-type":"image\/jpeg","filesize":57421,"url":"https:\/\/ferrerarquitectos.com\/wp-content\/uploads\/Centro-de-Salud-Mediterraneo-Norte-8-400x516.jpg"},"et-pb-post-main-image-fullwidth-large":{"file":"Centro-de-Salud-Mediterraneo-Norte-8-2880x1800.jpg","width":2880,"height":1800,"mime-type":"image\/jpeg","filesize":608174,"url":"https:\/\/ferrerarquitectos.com\/wp-content\/uploads\/Centro-de-Salud-Mediterraneo-Norte-8-2880x1800.jpg"}},"image_meta":{"aperture":"0","credit":"BIS Images","camera":"","caption":"Nuevo centro de salud en Almer\u00eda.","created_timestamp":"1335398400","copyright":"All rights reserved","focal_length":"0","iso":"0","shutter_speed":"0","title":"FERRER ARQUITECTOS","orientation":"1","keywords":["BIS","DAVID FRUTOS","FERRER ARQUITECTOS","HORMIG\u00d3N","CEMENTO","CRISTAL","ESPINARDO","ALMER\u00cdA","SERVICIO ANDALUZ DE SALUD","ALUMINIO","MARMOL","ANDALUC\u00cdA","BUILT IN SPAIN"]},"original_image":"Centro-de-Salud-Mediterraneo-Norte-8.jpg","ID":"124873","name":"Centro-de-Salud-Mediterraneo-Norte-8-scaled.jpg","path":"\/var\/www\/vhosts\/ferrerarquitectos.com\/httpdocs\/wp-content\/uploads\/Centro-de-Salud-Mediterraneo-Norte-8-scaled.jpg","url":"https:\/\/ferrerarquitectos.com\/wp-content\/uploads\/Centro-de-Salud-Mediterraneo-Norte-8-150x150.jpg","full_url":"https:\/\/ferrerarquitectos.com\/wp-content\/uploads\/Centro-de-Salud-Mediterraneo-Norte-8-scaled.jpg","title":"Centro de Salud Mediterraneo Norte 6","caption":"Nuevo centro de salud en Almer\u00eda.","description":"Centro de Salud Mediterraneo Norte 6","alt":"","srcset":false},{"width":150,"height":150,"file":"Centro-de-Salud-Mediterraneo-Norte-3-scaled.jpg","filesize":740278,"sizes":{"medium":{"file":"Centro-de-Salud-Mediterraneo-Norte-3-193x300.jpg","width":193,"height":300,"mime-type":"image\/jpeg","filesize":39335,"url":"https:\/\/ferrerarquitectos.com\/wp-content\/uploads\/Centro-de-Salud-Mediterraneo-Norte-3-193x300.jpg"},"large":{"file":"Centro-de-Salud-Mediterraneo-Norte-3-657x1024.jpg","width":657,"height":1024,"mime-type":"image\/jpeg","filesize":149770,"url":"https:\/\/ferrerarquitectos.com\/wp-content\/uploads\/Centro-de-Salud-Mediterraneo-Norte-3-657x1024.jpg"},"thumbnail":{"file":"Centro-de-Salud-Mediterraneo-Norte-3-150x150.jpg","width":150,"height":150,"mime-type":"image\/jpeg","filesize":31322,"url":"https:\/\/ferrerarquitectos.com\/wp-content\/uploads\/Centro-de-Salud-Mediterraneo-Norte-3-150x150.jpg"},"medium_large":{"file":"Centro-de-Salud-Mediterraneo-Norte-3-768x1196.jpg","width":768,"height":1196,"mime-type":"image\/jpeg","filesize":190954,"url":"https:\/\/ferrerarquitectos.com\/wp-content\/uploads\/Centro-de-Salud-Mediterraneo-Norte-3-768x1196.jpg"},"1536x1536":{"file":"Centro-de-Salud-Mediterraneo-Norte-3-986x1536.jpg","width":986,"height":1536,"mime-type":"image\/jpeg","filesize":287867,"url":"https:\/\/ferrerarquitectos.com\/wp-content\/uploads\/Centro-de-Salud-Mediterraneo-Norte-3-986x1536.jpg"},"2048x2048":{"file":"Centro-de-Salud-Mediterraneo-Norte-3-1315x2048.jpg","width":1315,"height":2048,"mime-type":"image\/jpeg","filesize":483713,"url":"https:\/\/ferrerarquitectos.com\/wp-content\/uploads\/Centro-de-Salud-Mediterraneo-Norte-3-1315x2048.jpg"},"et-pb-post-main-image":{"file":"Centro-de-Salud-Mediterraneo-Norte-3-400x250.jpg","width":400,"height":250,"mime-type":"image\/jpeg","filesize":47939,"url":"https:\/\/ferrerarquitectos.com\/wp-content\/uploads\/Centro-de-Salud-Mediterraneo-Norte-3-400x250.jpg"},"et-pb-post-main-image-fullwidth":{"file":"Centro-de-Salud-Mediterraneo-Norte-3-1080x675.jpg","width":1080,"height":675,"mime-type":"image\/jpeg","filesize":158855,"url":"https:\/\/ferrerarquitectos.com\/wp-content\/uploads\/Centro-de-Salud-Mediterraneo-Norte-3-1080x675.jpg"},"et-pb-portfolio-image":{"file":"Centro-de-Salud-Mediterraneo-Norte-3-400x284.jpg","width":400,"height":284,"mime-type":"image\/jpeg","filesize":50766,"url":"https:\/\/ferrerarquitectos.com\/wp-content\/uploads\/Centro-de-Salud-Mediterraneo-Norte-3-400x284.jpg"},"et-pb-portfolio-module-image":{"file":"Centro-de-Salud-Mediterraneo-Norte-3-510x382.jpg","width":510,"height":382,"mime-type":"image\/jpeg","filesize":66378,"url":"https:\/\/ferrerarquitectos.com\/wp-content\/uploads\/Centro-de-Salud-Mediterraneo-Norte-3-510x382.jpg"},"et-pb-portfolio-image-single":{"file":"Centro-de-Salud-Mediterraneo-Norte-3-1080x1682.jpg","width":1080,"height":1682,"mime-type":"image\/jpeg","filesize":338177,"url":"https:\/\/ferrerarquitectos.com\/wp-content\/uploads\/Centro-de-Salud-Mediterraneo-Norte-3-1080x1682.jpg"},"et-pb-gallery-module-image-portrait":{"file":"Centro-de-Salud-Mediterraneo-Norte-3-400x516.jpg","width":400,"height":516,"mime-type":"image\/jpeg","filesize":69440,"url":"https:\/\/ferrerarquitectos.com\/wp-content\/uploads\/Centro-de-Salud-Mediterraneo-Norte-3-400x516.jpg"},"et-pb-post-main-image-fullwidth-large":{"file":"Centro-de-Salud-Mediterraneo-Norte-3-2880x1800.jpg","width":2880,"height":1800,"mime-type":"image\/jpeg","filesize":798062,"url":"https:\/\/ferrerarquitectos.com\/wp-content\/uploads\/Centro-de-Salud-Mediterraneo-Norte-3-2880x1800.jpg"}},"image_meta":{"aperture":"0","credit":"BIS Images","camera":"","caption":"Nuevo centro de salud en Almer\u00eda.","created_timestamp":"1335398400","copyright":"All rights reserved","focal_length":"0","iso":"0","shutter_speed":"0","title":"FERRER ARQUITECTOS","orientation":"1","keywords":["BIS","DAVID FRUTOS","FERRER ARQUITECTOS","HORMIG\u00d3N","CEMENTO","CRISTAL","ESPINARDO","ALMER\u00cdA","SERVICIO ANDALUZ DE SALUD","ALUMINIO","MARMOL","ANDALUC\u00cdA","BUILT IN SPAIN"]},"original_image":"Centro-de-Salud-Mediterraneo-Norte-3.jpg","ID":"124869","name":"Centro-de-Salud-Mediterraneo-Norte-3-scaled.jpg","path":"\/var\/www\/vhosts\/ferrerarquitectos.com\/httpdocs\/wp-content\/uploads\/Centro-de-Salud-Mediterraneo-Norte-3-scaled.jpg","url":"https:\/\/ferrerarquitectos.com\/wp-content\/uploads\/Centro-de-Salud-Mediterraneo-Norte-3-150x150.jpg","full_url":"https:\/\/ferrerarquitectos.com\/wp-content\/uploads\/Centro-de-Salud-Mediterraneo-Norte-3-scaled.jpg","title":"Centro de Salud Mediterraneo Norte 2","caption":"Nuevo centro de salud en Almer\u00eda.","description":"Centro de Salud Mediterraneo Norte 2","alt":"","srcset":false},{"width":150,"height":150,"file":"Salud-2.jpg","sizes":{"thumbnail":{"file":"Salud-2-150x150.jpg","width":150,"height":150,"mime-type":"image\/jpeg","url":"https:\/\/ferrerarquitectos.com\/wp-content\/uploads\/Salud-2-150x150.jpg"},"medium":{"file":"Salud-2-300x223.jpg","width":300,"height":223,"mime-type":"image\/jpeg","url":"https:\/\/ferrerarquitectos.com\/wp-content\/uploads\/Salud-2-300x223.jpg"},"et-pb-post-main-image":{"file":"Salud-2-400x250.jpg","width":400,"height":250,"mime-type":"image\/jpeg","url":"https:\/\/ferrerarquitectos.com\/wp-content\/uploads\/Salud-2-400x250.jpg"},"et-pb-portfolio-image":{"file":"Salud-2-400x284.jpg","width":400,"height":284,"mime-type":"image\/jpeg","url":"https:\/\/ferrerarquitectos.com\/wp-content\/uploads\/Salud-2-400x284.jpg"},"et-pb-portfolio-module-image":{"file":"Salud-2-510x382.jpg","width":510,"height":382,"mime-type":"image\/jpeg","url":"https:\/\/ferrerarquitectos.com\/wp-content\/uploads\/Salud-2-510x382.jpg"}},"image_meta":{"aperture":"0","credit":"","camera":"","caption":"","created_timestamp":"0","copyright":"","focal_length":"0","iso":"0","shutter_speed":"0","title":"","orientation":"0","keywords":[]},"ID":"118581","name":"Salud-2.jpg","path":"\/var\/www\/vhosts\/ferrerarquitectos.com\/httpdocs\/wp-content\/uploads\/Salud-2.jpg","url":"https:\/\/ferrerarquitectos.com\/wp-content\/uploads\/Salud-2-150x150.jpg","full_url":"https:\/\/ferrerarquitectos.com\/wp-content\/uploads\/Salud-2.jpg","title":"Salud 2","caption":"","description":"","alt":"","srcset":false}]},"_links":{"self":[{"href":"https:\/\/ferrerarquitectos.com\/en\/wp-json\/wp\/v2\/project-new\/125906","targetHints":{"allow":["GET"]}}],"collection":[{"href":"https:\/\/ferrerarquitectos.com\/en\/wp-json\/wp\/v2\/project-new"}],"about":[{"href":"https:\/\/ferrerarquitectos.com\/en\/wp-json\/wp\/v2\/types\/project-new"}],"wp:featuredmedia":[{"embeddable":true,"href":"https:\/\/ferrerarquitectos.com\/en\/wp-json\/wp\/v2\/media\/126036"}],"wp:attachment":[{"href":"https:\/\/ferrerarquitectos.com\/en\/wp-json\/wp\/v2\/media?parent=125906"}],"wp:term":[{"taxonomy":"categoria_proyecto","embeddable":true,"href":"https:\/\/ferrerarquitectos.com\/en\/wp-json\/wp\/v2\/categoria_proyecto?post=125906"}],"curies":[{"name":"wp","href":"https:\/\/api.w.org\/{rel}","templated":true}]}}